{"id":1140,"date":"2022-10-08T20:25:38","date_gmt":"2022-10-08T18:25:38","guid":{"rendered":"https:\/\/omusica.fr\/?page_id=1140"},"modified":"2025-08-23T21:37:53","modified_gmt":"2025-08-23T19:37:53","slug":"nos-3-choeurs","status":"publish","type":"page","link":"https:\/\/omusica.fr\/?page_id=1140","title":{"rendered":"Nos deux ch\u0153urs"},"content":{"rendered":"<div data-colibri-id=\"1140-c1\" class=\"style-1383 style-local-1140-c1 position-relative\">\n  <!---->\n  <div data-colibri-component=\"section\" data-colibri-id=\"1140-c2\" id=\"custom\" class=\"h-section h-section-global-spacing d-flex align-items-lg-center align-items-md-center align-items-center style-1384 style-local-1140-c2 position-relative\">\n    <!---->\n    <!---->\n    <div class=\"h-section-grid-container h-section-boxed-container\">\n      <!---->\n      <div data-colibri-id=\"1140-c3\" class=\"h-row-container gutters-row-lg-1 gutters-row-md-1 gutters-row-0 gutters-row-v-lg-1 gutters-row-v-md-1 gutters-row-v-1 style-1385 style-local-1140-c3 position-relative\">\n        <!---->\n        <div class=\"h-row justify-content-lg-center justify-content-md-center justify-content-center align-items-lg-stretch align-items-md-stretch align-items-stretch gutters-col-lg-1 gutters-col-md-1 gutters-col-0 gutters-col-v-lg-1 gutters-col-v-md-1 gutters-col-v-1\">\n          <!---->\n          <div class=\"h-column h-column-container d-flex h-col-lg-auto h-col-md-auto h-col-auto style-1386-outer style-local-1140-c4-outer\">\n            <div data-colibri-id=\"1140-c4\" class=\"d-flex h-flex-basis h-column__inner h-px-lg-1 h-px-md-1 h-px-1 v-inner-lg-1 v-inner-md-1 v-inner-1 style-1386 style-local-1140-c4 position-relative\">\n              <!---->\n              <!---->\n              <div class=\"w-100 h-y-container h-column__content h-column__v-align flex-basis-100 align-self-lg-start align-self-md-start align-self-start\">\n                <!---->\n                <div data-colibri-id=\"1140-c5\" class=\"h-global-transition-all h-heading style-1387 style-local-1140-c5 position-relative h-element\">\n                  <!---->\n                  <div class=\"h-heading__outer style-1387 style-local-1140-c5\">\n                    <!---->\n                    <!---->\n                    <h1 class=\"\"><strong>Nos deux ch\u0153urs<\/strong><\/h1>\n                  <\/div>\n                <\/div>\n                <div data-colibri-id=\"1140-c6\" class=\"h-text h-text-component style-2363 style-local-1140-c6 position-relative h-element\">\n                  <!---->\n                  <!---->\n                  <div class=\"\">\n                    <p>L\u2019ensemble vocal O Musica a \u00e9t\u00e9 cr\u00e9\u00e9 en Juin 1992 par un groupe de choristes ayant pour objectif de chanter dans le cadre d\u2019une association ins\u00e9r\u00e9e dans le tissu culturel du V\u00e9sinet et rattach\u00e9e au Mouvement \u00ab A C\u0153ur Joie \u00bb. Sous la\n                      pr\u00e9sidence de Gilles Huser, les r\u00e9p\u00e9titions commencent en septembre 1992 au Ch\u00e2teau des Merlettes. La direction est confi\u00e9e \u00e0 Val\u00e9rie Picard, jeune chanteuse professionnelle, choriste et soliste aux Arts Florissants dirig\u00e9s par William\n                      Christie. Le premier concert donn\u00e9 en juin 1993 et comportait un ensemble de madrigaux de la Renaissance italienne, fran\u00e7aise et anglaise.<\/p>\n                  <\/div>\n                <\/div>\n              <\/div>\n            <\/div>\n          <\/div>\n        <\/div>\n      <\/div>\n      <div data-colibri-id=\"1140-c7\" class=\"h-row-container gutters-row-lg-1 gutters-row-md-1 gutters-row-0 gutters-row-v-lg-1 gutters-row-v-md-1 gutters-row-v-1 style-1677 style-local-1140-c7 position-relative\">\n        <!---->\n        <div class=\"h-row justify-content-lg-center justify-content-md-center justify-content-center align-items-lg-stretch align-items-md-stretch align-items-stretch gutters-col-lg-1 gutters-col-md-1 gutters-col-0 gutters-col-v-lg-1 gutters-col-v-md-1 gutters-col-v-1\">\n          <!---->\n          <div class=\"h-column h-column-container d-flex h-col-lg-auto h-col-md-auto h-col-auto style-1678-outer style-local-1140-c8-outer\">\n            <div data-colibri-id=\"1140-c8\" class=\"d-flex h-flex-basis h-column__inner h-px-lg-1 h-px-md-1 h-px-1 v-inner-lg-1 v-inner-md-1 v-inner-1 style-1678 style-local-1140-c8 position-relative\">\n              <!---->\n              <!---->\n              <div class=\"w-100 h-y-container h-column__content h-column__v-align flex-basis-100 align-self-lg-start align-self-md-start align-self-start\">\n                <!---->\n                <div data-colibri-id=\"1140-c9\" class=\"h-x-container style-1679 style-local-1140-c9 position-relative h-element\">\n                  <!---->\n                  <div class=\"h-x-container-inner style-dynamic-1140-c9-group style-1679-spacing style-local-1140-c9-spacing\"><span class=\"h-button__outer style-1680-outer style-local-1140-c10-outer d-inline-flex h-element\"><a h-use-smooth-scroll=\"true\" href=\"https:\/\/omusica.fr\/?page_id=2569\" target=\"_blank\"  data-colibri-id=\"1140-c10\" class=\"d-flex w-100 align-items-center h-button justify-content-lg-center justify-content-md-center justify-content-center style-1680 style-local-1140-c10 position-relative\"><!----><!----> <span>en savoir + sur l&#8217;histoire d&#8217;o musica depuis 1992<\/span><\/a>\n                    <\/span>\n                  <\/div>\n                <\/div>\n              <\/div>\n            <\/div>\n          <\/div>\n        <\/div>\n      <\/div>\n      <div data-colibri-id=\"1140-c11\" class=\"h-row-container gutters-row-lg-1 gutters-row-md-1 gutters-row-0 gutters-row-v-lg-1 gutters-row-v-md-1 gutters-row-v-1 style-1683 style-local-1140-c11 position-relative\">\n        <!---->\n        <div class=\"h-row justify-content-lg-center justify-content-md-center justify-content-center align-items-lg-stretch align-items-md-stretch align-items-stretch gutters-col-lg-1 gutters-col-md-1 gutters-col-0 gutters-col-v-lg-1 gutters-col-v-md-1 gutters-col-v-1\">\n          <!---->\n          <div class=\"h-column h-column-container d-flex h-col-lg-auto h-col-md-auto h-col-auto style-1684-outer style-local-1140-c12-outer\">\n            <div data-colibri-id=\"1140-c12\" class=\"d-flex h-flex-basis h-column__inner h-px-lg-1 h-px-md-1 h-px-1 v-inner-lg-1 v-inner-md-1 v-inner-1 style-1684 style-local-1140-c12 position-relative\">\n              <!---->\n              <!---->\n              <div class=\"w-100 h-y-container h-column__content h-column__v-align flex-basis-100 align-self-lg-start align-self-md-start align-self-start\">\n                <!---->\n                <div data-colibri-id=\"1140-c13\" class=\"h-divider style-1682 style-local-1140-c13 position-relative h-element\">\n                  <!----><span class=\"h-divider__line style-1682-line style-local-1140-c13-line style-1682-line style-local-1140-c13-line\"><\/span><\/div>\n              <\/div>\n            <\/div>\n          <\/div>\n        <\/div>\n      <\/div>\n      <div data-colibri-id=\"1140-c38\" class=\"h-row-container gutters-row-lg-1 gutters-row-md-1 gutters-row-0 gutters-row-v-lg-1 gutters-row-v-md-1 gutters-row-v-1 style-2683 style-local-1140-c38 position-relative\">\n        <!---->\n        <div class=\"h-row justify-content-lg-center justify-content-md-center justify-content-center align-items-lg-stretch align-items-md-stretch align-items-stretch gutters-col-lg-1 gutters-col-md-1 gutters-col-0 gutters-col-v-lg-1 gutters-col-v-md-1 gutters-col-v-1\">\n          <!---->\n          <div class=\"h-column h-column-container d-flex h-col-lg-auto h-col-md-auto h-col-auto style-2684-outer style-local-1140-c39-outer\">\n            <div data-colibri-id=\"1140-c39\" class=\"d-flex h-flex-basis h-column__inner h-px-lg-1 h-px-md-1 h-px-1 v-inner-lg-1 v-inner-md-1 v-inner-1 style-2684 style-local-1140-c39 position-relative\">\n              <!---->\n              <!---->\n              <div class=\"w-100 h-y-container h-column__content h-column__v-align flex-basis-100 align-self-lg-start align-self-md-start align-self-start\">\n                <!---->\n                <div data-colibri-id=\"1140-c41\" class=\"d-block style-2686 style-local-1140-c41 position-relative h-element\">\n                  <!---->\n                  <div class=\"h-image__frame-container-outer\">\n                    <div class=\"h-image__frame-container\">\n                      <!---->\n                      <!---->\n                      <img loading=\"lazy\" decoding=\"async\" width=\"600\" height=\"400\" src=\"https:\/\/omusica.fr\/wp-content\/uploads\/2024\/08\/5-1.png\" class=\"wp-image-5161 style-2686-image style-local-1140-c41-image\" alt=\"concert O Musica No\u00ebl Charpentier V\u00e9sinet Sainte-Marguerite\" srcset=\"https:\/\/omusica.fr\/wp-content\/uploads\/2024\/08\/5-1.png 600w, https:\/\/omusica.fr\/wp-content\/uploads\/2024\/08\/5-1-300x200.png 300w\" sizes=\"auto, (max-width: 600px) 100vw, 600px\" \/>\n                      <div class=\"h-image__frame h-hide-lg h-hide-md h-hide-sm style-2686-frameImage style-local-1140-c41-frameImage\"><\/div>\n                    <\/div>\n                  <\/div>\n                <\/div>\n              <\/div>\n            <\/div>\n          <\/div>\n          <div class=\"h-column h-column-container d-flex h-col-lg-auto h-col-md-auto h-col-auto style-2685-outer style-local-1140-c40-outer\">\n            <div data-colibri-id=\"1140-c40\" class=\"d-flex h-flex-basis h-column__inner h-px-lg-1 h-px-md-1 h-px-1 v-inner-lg-1 v-inner-md-1 v-inner-1 style-2685 style-local-1140-c40 position-relative\">\n              <!---->\n              <!---->\n              <div class=\"w-100 h-y-container h-column__content h-column__v-align flex-basis-100 align-self-lg-start align-self-md-start align-self-start\">\n                <!---->\n                <div data-colibri-id=\"1140-c42\" class=\"d-block style-2687 style-local-1140-c42 position-relative h-element\">\n                  <!---->\n                  <div class=\"h-image__frame-container-outer\">\n                    <div class=\"h-image__frame-container\">\n                      <!---->\n                      <!---->\n                      <img loading=\"lazy\" decoding=\"async\" width=\"600\" height=\"400\" src=\"https:\/\/omusica.fr\/wp-content\/uploads\/2022\/10\/Concert-O-Musica-ARSEP-Vesinet-avril-2022.png\" class=\"wp-image-2132 style-2687-image style-local-1140-c42-image\" alt=\"Concert O Musica ARSEP V\u00e9sinet avril 2022\" srcset=\"https:\/\/omusica.fr\/wp-content\/uploads\/2022\/10\/Concert-O-Musica-ARSEP-Vesinet-avril-2022.png 600w, https:\/\/omusica.fr\/wp-content\/uploads\/2022\/10\/Concert-O-Musica-ARSEP-Vesinet-avril-2022-300x200.png 300w\" sizes=\"auto, (max-width: 600px) 100vw, 600px\" \/>\n                      <div class=\"h-image__frame h-hide-lg h-hide-md h-hide-sm style-2687-frameImage style-local-1140-c42-frameImage\"><\/div>\n                    <\/div>\n                  <\/div>\n                <\/div>\n              <\/div>\n            <\/div>\n          <\/div>\n        <\/div>\n      <\/div>\n      <div data-colibri-id=\"1140-c21\" class=\"h-row-container gutters-row-lg-1 gutters-row-md-1 gutters-row-0 gutters-row-v-lg-1 gutters-row-v-md-1 gutters-row-v-1 style-1397 style-local-1140-c21 position-relative\">\n        <!---->\n        <div class=\"h-row justify-content-lg-center justify-content-md-center justify-content-center align-items-lg-stretch align-items-md-stretch align-items-stretch gutters-col-lg-1 gutters-col-md-1 gutters-col-0 gutters-col-v-lg-1 gutters-col-v-md-1 gutters-col-v-1\">\n          <!---->\n          <div class=\"h-column h-column-container d-flex h-col-lg-auto h-col-md-auto h-col-auto style-1398-outer style-local-1140-c22-outer\">\n            <div data-colibri-id=\"1140-c22\" class=\"d-flex h-flex-basis h-column__inner h-px-lg-1 h-px-md-1 h-px-1 v-inner-lg-1 v-inner-md-1 v-inner-1 style-1398 style-local-1140-c22 position-relative\">\n              <!---->\n              <!---->\n              <div class=\"w-100 h-y-container h-column__content h-column__v-align flex-basis-100 align-self-lg-start align-self-md-start align-self-start\">\n                <!---->\n                <div data-colibri-id=\"1140-c23\" class=\"h-global-transition-all h-heading style-1399 style-local-1140-c23 position-relative h-element\">\n                  <!---->\n                  <div class=\"h-heading__outer style-1399 style-local-1140-c23\">\n                    <!---->\n                    <!---->\n                    <h2 class=\"\">Le ch\u0153ur adultes<\/h2>\n                  <\/div>\n                <\/div>\n              <\/div>\n            <\/div>\n          <\/div>\n        <\/div>\n      <\/div>\n      <div data-colibri-id=\"1140-c24\" class=\"h-row-container gutters-row-lg-1 gutters-row-md-1 gutters-row-0 gutters-row-v-lg-1 gutters-row-v-md-1 gutters-row-v-1 style-1388 style-local-1140-c24 position-relative\">\n        <!---->\n        <div class=\"h-row justify-content-lg-center justify-content-md-center justify-content-center align-items-lg-stretch align-items-md-stretch align-items-stretch gutters-col-lg-1 gutters-col-md-1 gutters-col-0 gutters-col-v-lg-1 gutters-col-v-md-1 gutters-col-v-1\">\n          <!---->\n          <div class=\"h-column h-column-container d-flex h-col-lg-auto h-col-md-auto h-col-auto style-1389-outer style-local-1140-c25-outer\">\n            <div data-colibri-id=\"1140-c25\" class=\"d-flex h-flex-basis h-column__inner h-px-lg-1 h-px-md-1 h-px-1 v-inner-lg-1 v-inner-md-1 v-inner-1 style-1389 style-local-1140-c25 position-relative\">\n              <!---->\n              <!---->\n              <div class=\"w-100 h-y-container h-column__content h-column__v-align flex-basis-100 align-self-lg-start align-self-md-start align-self-start\">\n                <!---->\n                <div data-colibri-id=\"1140-c26\" class=\"h-text h-text-component style-1390 style-local-1140-c26 position-relative h-element\">\n                  <!---->\n                  <!---->\n                  <div class=\"\">\n                    <p>Le ch\u0153ur adultes d&#8217;O Musica est constitu\u00e9 d&#8217;une soixantaine de choristes amateurs qui aiment se retrouver pour aborder ensemble un r\u00e9pertoire large et \u00e9clectique, \u00e0 dominance sacr\u00e9e. Il est sous la direction de Pascal Bezard depuis\n                      1999.<\/p>\n                    <p>Le r\u00e9pertoire abord\u00e9 est tr\u00e8s vari\u00e9. Citons quelques \u0153uvres au programme des concerts de ces derni\u00e8res ann\u00e9es : les op\u00e9ras King Arthur et Didon et En\u00e9e de Purcell, Beatus Vir de Monteverdi, la Messe de minuit et Reniement de Saint\n                      Pierre de Charpentier, le Miserere d&#8217;Allegri, les Gloria, Credo, Magnificat et Dixit Dominus de Vivaldi, la Passion selon Saint Jean de Bach, les oratorios &#8220;Les Saisons&#8221;, &#8220;La Cr\u00e9ation&#8221; et la Messe Saint Jean de Dieu de Haydn, la\n                      Messe du couronnement de Mozart, le Psaume 42 de Mendelssohn, la Messe Allemande de Schubert, le Requiem allemand de Brahms, les Motets de Bruckner, des \u0153uvres de Berlioz, la Messa di Gloria de Puccini, la Messe chorale et Gallia\n                      de Gounod, le Requiem de Faur\u00e9, les Danses polovstiennes de Borodine, les Extraits des V\u00eapres de Rachmaninov et de la liturgie orthodoxe, le Requiem et les motets de Durufl\u00e9, les ch\u0153urs d&#8217;op\u00e9ras fran\u00e7ais et italien, avec Rameau,\n                      Lully, Bizet et Verdi, Puccini, Donizetti, Mascagni&#8230;<\/p>\n                    <p>Le ch\u0153ur adultes a effectu\u00e9 plusieurs voyages-concerts en France, aux Pays-Bas et en Belgique. Il s&#8217;est \u00e9galement produit \u00e0 Worcester (Angleterre) et Unterhaching (Allemagne), villes jumel\u00e9es avec la ville du V\u00e9sinet. Il a \u00e9galement\n                      donn\u00e9 plusieurs concerts aux Choralies de Vaison-la-Romaine, en 2004, ainsi qu&#8217;en 2010 et 2013. Le ch\u0153ur adultes n&#8217;a pas repris les concerts \u00e0 l&#8217;\u00e9tranger depuis le confinement de 2020.&nbsp;<\/p>\n                  <\/div>\n                <\/div>\n                <div data-colibri-id=\"1140-c27\" class=\"h-x-container style-1705 style-local-1140-c27 position-relative h-element\">\n                  <!---->\n                  <div class=\"h-x-container-inner style-dynamic-1140-c27-group style-1705-spacing style-local-1140-c27-spacing\"><span class=\"h-link__outer style-1706-outer style-local-1140-c28-outer d-inline-flex h-element\"><a h-use-smooth-scroll=\"true\" href=\"https:\/\/omusica.fr\/?page_id=1142\"  data-colibri-id=\"1140-c28\" class=\"d-flex w-100 align-items-center h-link style-1706 style-local-1140-c28 position-relative\"><!----><!----> <span>&gt; En savoir + sur la direction musicale du ch\u0153ur adultes<\/span><\/a>\n                    <\/span>\n                  <\/div>\n                <\/div>\n              <\/div>\n            <\/div>\n          <\/div>\n        <\/div>\n      <\/div>\n      <div data-colibri-id=\"1140-c29\" class=\"h-row-container gutters-row-lg-1 gutters-row-md-1 gutters-row-0 gutters-row-v-lg-1 gutters-row-v-md-1 gutters-row-v-1 style-1500 style-local-1140-c29 position-relative\">\n        <!---->\n        <div class=\"h-row justify-content-lg-center justify-content-md-center justify-content-center align-items-lg-stretch align-items-md-stretch align-items-stretch gutters-col-lg-1 gutters-col-md-1 gutters-col-0 gutters-col-v-lg-1 gutters-col-v-md-1 gutters-col-v-1\">\n          <!---->\n          <div class=\"h-column h-column-container d-flex h-col-lg-auto h-col-md-auto h-col-auto style-1501-outer style-local-1140-c30-outer\">\n            <div data-colibri-id=\"1140-c30\" class=\"d-flex h-flex-basis h-column__inner h-px-lg-1 h-px-md-1 h-px-1 v-inner-lg-1 v-inner-md-1 v-inner-1 style-1501 style-local-1140-c30 position-relative\">\n              <!---->\n              <!---->\n              <div class=\"w-100 h-y-container h-column__content h-column__v-align flex-basis-100 align-self-lg-start align-self-md-start align-self-start\">\n                <!---->\n                <div data-colibri-id=\"1140-c31\" class=\"h-divider style-1499 style-local-1140-c31 position-relative h-element\">\n                  <!----><span class=\"h-divider__line style-1499-line style-local-1140-c31-line style-1499-line style-local-1140-c31-line\"><\/span><\/div>\n              <\/div>\n            <\/div>\n          <\/div>\n        <\/div>\n      <\/div>\n      <div data-colibri-id=\"1140-c32\" class=\"h-row-container gutters-row-lg-1 gutters-row-md-1 gutters-row-0 gutters-row-v-lg-1 gutters-row-v-md-1 gutters-row-v-1 style-1403 style-local-1140-c32 position-relative\">\n        <!---->\n        <div class=\"h-row justify-content-lg-center justify-content-md-center justify-content-center align-items-lg-stretch align-items-md-stretch align-items-stretch gutters-col-lg-1 gutters-col-md-1 gutters-col-0 gutters-col-v-lg-1 gutters-col-v-md-1 gutters-col-v-1\">\n          <!---->\n          <div class=\"h-column h-column-container d-flex h-col-lg-auto h-col-md-auto h-col-auto style-1404-outer style-local-1140-c33-outer\">\n            <div data-colibri-id=\"1140-c33\" class=\"d-flex h-flex-basis h-column__inner h-px-lg-1 h-px-md-1 h-px-1 v-inner-lg-1 v-inner-md-1 v-inner-1 style-1404 style-local-1140-c33 position-relative\">\n              <!---->\n              <!---->\n              <div class=\"w-100 h-y-container h-column__content h-column__v-align flex-basis-100 align-self-lg-start align-self-md-start align-self-start\">\n                <!---->\n                <div data-colibri-id=\"1140-c34\" class=\"h-global-transition-all h-heading style-1405 style-local-1140-c34 position-relative h-element\">\n                  <!---->\n                  <div class=\"h-heading__outer style-1405 style-local-1140-c34\">\n                    <!---->\n                    <!---->\n                    <h2 class=\"\">Ch\u0153ur temps libre\n                      <br>&#8220;Les Campanules&#8221;<\/h2>\n                  <\/div>\n                <\/div>\n                <div data-colibri-id=\"1140-c35\" class=\"h-text h-text-component style-1772 style-local-1140-c35 position-relative h-element\">\n                  <!---->\n                  <!---->\n                  <div class=\"\">\n                    <p>Ce ch\u0153ur a \u00e9t\u00e9 fond\u00e9 en 1995 par Annie Buffet et Mich\u00e8le Marolleau, toutes deux membres d&#8217;O Musica. Il a \u00e9t\u00e9 int\u00e9gr\u00e9 au &#8220;Club des a\u00een\u00e9s&#8221; du CCAS (Centre Communal d\u2019Action Sociale du V\u00e9sinet) et les r\u00e9p\u00e9titions se sont d\u00e9roul\u00e9es \u00e0 la\n                      R\u00e9sidence Jean Laurent jusqu\u2019en 2020, d\u00e9but du confinement d\u00fb \u00e0 la pand\u00e9mie Covid.<\/p>\n                    <p>L&#8217;int\u00e9gration du ch\u0153ur dans O Musica lui a permis de red\u00e9marrer en octobre 2022, avec un effectif de pr\u00e8s de 40 choristes venant de toute la Boucle de Seine, et aussi de plus loin. Les r\u00e9p\u00e9titions ont lieu le lundi matin dans les locaux\n                      paroissiaux \u00e0 c\u00f4t\u00e9 de l\u2019\u00e9glise Sainte Marguerite du V\u00e9sinet. Son r\u00e9pertoire est diversifi\u00e9 pour r\u00e9pondre aux attentes de chacun : chants sacr\u00e9s, chants traditionnels, vari\u00e9t\u00e9s&#8230;<\/p>\n                    <p>La chorale a comme objectif de permettre \u00e0 chacun, et sans limite d\u2019\u00e2ge, d\u2019apprendre \u00e0 chanter \u00e0 3 ou 4 voix, avec une recherche de qualit\u00e9, dans une ambiance conviviale propice \u00e0 la cr\u00e9ation de liens amicaux. Dans le courant de l\u2019ann\u00e9e,\n                      et suivant les opportunit\u00e9s, diverses animations sont propos\u00e9es : temps de No\u00ebl, apr\u00e8s-midi en maisons de retraites, rencontres et \u00e9changes interg\u00e9n\u00e9rationnels avec des \u00e9coles maternelles.<\/p>\n                    <p>Le chef de ch\u0153ur Henry Ailhaud (06 62 18 54 96) est assist\u00e9 depuis cette ann\u00e9e par Martine P\u00e9ron. Tous deux sont des anciens d&#8217;O Musica et des membres tr\u00e8s actifs d\u2019autres chorales. Claire S\u00e9ropian (06 38 19 21 19) assure l\u2019accompagnement\n                      au piano depuis 2008. Elle est \u00e9galement responsable de l\u2019administration de la chorale et des relations avec les choristes et l\u2019ext\u00e9rieur.<\/p>\n                  <\/div>\n                <\/div>\n              <\/div>\n            <\/div>\n          <\/div>\n          <div class=\"h-column h-column-container d-flex h-col-lg-auto h-col-md-auto h-col-auto style-1773-outer style-local-1140-c36-outer\">\n            <div data-colibri-id=\"1140-c36\" class=\"d-flex h-flex-basis h-column__inner h-px-lg-1 h-px-md-1 h-px-1 v-inner-lg-1 v-inner-md-1 v-inner-1 style-1773 style-local-1140-c36 position-relative\">\n              <!---->\n              <!---->\n              <div class=\"w-100 h-y-container h-column__content h-column__v-align flex-basis-100 align-self-lg-start align-self-md-start align-self-start\">\n                <!---->\n                <div data-colibri-id=\"1140-c37\" class=\"d-block style-1774 style-local-1140-c37 position-relative h-element\">\n                  <!---->\n                  <div class=\"h-image__frame-container-outer\">\n                    <div class=\"h-image__frame-container\">\n                      <!---->\n                      <!---->\n                      <img loading=\"lazy\" decoding=\"async\" width=\"600\" height=\"400\" src=\"https:\/\/omusica.fr\/wp-content\/uploads\/2022\/12\/Visuel-page-daccueil-O-Muscia.jpg\" class=\"wp-image-3024 style-1774-image style-local-1140-c37-image\" alt=\"Visuel page d&#039;accueil O Musica\" srcset=\"https:\/\/omusica.fr\/wp-content\/uploads\/2022\/12\/Visuel-page-daccueil-O-Muscia.jpg 600w, https:\/\/omusica.fr\/wp-content\/uploads\/2022\/12\/Visuel-page-daccueil-O-Muscia-300x200.jpg 300w\" sizes=\"auto, (max-width: 600px) 100vw, 600px\" \/>\n                      <div class=\"h-image__frame h-hide-lg h-hide-md h-hide-sm style-1774-frameImage style-local-1140-c37-frameImage\"><\/div>\n                    <\/div>\n                  <\/div>\n                <\/div>\n              <\/div>\n            <\/div>\n          <\/div>\n        <\/div>\n      <\/div>\n    <\/div>\n  <\/div>\n<\/div>","protected":false},"excerpt":{"rendered":"<p>Nos deux ch\u0153urs L\u2019ensemble vocal O Musica a \u00e9t\u00e9 cr\u00e9\u00e9 en Juin 1992 par un groupe de choristes ayant pour objectif de chanter dans le cadre d\u2019une association ins\u00e9r\u00e9e dans le tissu culturel du V\u00e9sinet et rattach\u00e9e au Mouvement \u00ab A C\u0153ur Joie \u00bb. Sous la pr\u00e9sidence de Gilles Huser, les r\u00e9p\u00e9titions commencent en septembre [&hellip;]<\/p>\n","protected":false},"author":3,"featured_media":0,"parent":312,"menu_order":0,"comment_status":"closed","ping_status":"closed","template":"page-templates\/full-width-page.php","meta":{"_monsterinsights_skip_tracking":false,"_monsterinsights_sitenote_active":false,"_monsterinsights_sitenote_note":"","_monsterinsights_sitenote_category":0,"footnotes":""},"class_list":["post-1140","page","type-page","status-publish","hentry"],"aioseo_notices":[],"_links":{"self":[{"href":"https:\/\/omusica.fr\/index.php?rest_route=\/wp\/v2\/pages\/1140","targetHints":{"allow":["GET"]}}],"collection":[{"href":"https:\/\/omusica.fr\/index.php?rest_route=\/wp\/v2\/pages"}],"about":[{"href":"https:\/\/omusica.fr\/index.php?rest_route=\/wp\/v2\/types\/page"}],"author":[{"embeddable":true,"href":"https:\/\/omusica.fr\/index.php?rest_route=\/wp\/v2\/users\/3"}],"replies":[{"embeddable":true,"href":"https:\/\/omusica.fr\/index.php?rest_route=%2Fwp%2Fv2%2Fcomments&post=1140"}],"version-history":[{"count":20,"href":"https:\/\/omusica.fr\/index.php?rest_route=\/wp\/v2\/pages\/1140\/revisions"}],"predecessor-version":[{"id":5839,"href":"https:\/\/omusica.fr\/index.php?rest_route=\/wp\/v2\/pages\/1140\/revisions\/5839"}],"up":[{"embeddable":true,"href":"https:\/\/omusica.fr\/index.php?rest_route=\/wp\/v2\/pages\/312"}],"wp:attachment":[{"href":"https:\/\/omusica.fr\/index.php?rest_route=%2Fwp%2Fv2%2Fmedia&parent=1140"}],"curies":[{"name":"wp","href":"https:\/\/api.w.org\/{rel}","templated":true}]}}