{"id":1160,"date":"2022-10-08T20:30:14","date_gmt":"2022-10-08T18:30:14","guid":{"rendered":"https:\/\/omusica.fr\/?page_id=1160"},"modified":"2026-08-09T22:35:37","modified_gmt":"2026-08-09T20:35:37","slug":"notre-actualite","status":"publish","type":"page","link":"https:\/\/omusica.fr\/?page_id=1160","title":{"rendered":"Notre actualit\u00e9"},"content":{"rendered":"<div data-colibri-id=\"1160-c1\" class=\"style-1032 style-local-1160-c1 position-relative\">\n  <!---->\n  <div data-colibri-component=\"section\" data-colibri-id=\"1160-c2\" id=\"custom-2\" class=\"h-section h-section-global-spacing d-flex align-items-lg-center align-items-md-center align-items-center style-1037 style-local-1160-c2 position-relative\">\n    <!---->\n    <!---->\n    <div class=\"h-section-grid-container h-section-boxed-container\">\n      <!---->\n      <div data-colibri-id=\"1160-c3\" class=\"h-row-container gutters-row-lg-2 gutters-row-md-2 gutters-row-0 gutters-row-v-lg-2 gutters-row-v-md-2 gutters-row-v-2 style-1850 style-local-1160-c3 position-relative\">\n        <!---->\n        <div class=\"h-row justify-content-lg-center justify-content-md-center justify-content-center align-items-lg-stretch align-items-md-stretch align-items-stretch gutters-col-lg-2 gutters-col-md-2 gutters-col-0 gutters-col-v-lg-2 gutters-col-v-md-2 gutters-col-v-2\">\n          <!---->\n          <div class=\"h-column h-column-container d-flex h-col-lg-auto h-col-md-auto h-col-auto style-1851-outer style-local-1160-c4-outer\">\n            <div data-colibri-id=\"1160-c4\" class=\"d-flex h-flex-basis h-column__inner h-px-lg-2 h-px-md-2 h-px-2 v-inner-lg-2 v-inner-md-2 v-inner-2 style-1851 style-local-1160-c4 position-relative\">\n              <!---->\n              <!---->\n              <div class=\"w-100 h-y-container h-column__content h-column__v-align flex-basis-100 align-self-lg-start align-self-md-start align-self-start\">\n                <!---->\n                <div data-colibri-id=\"1160-c5\" class=\"h-global-transition-all h-heading style-1338 style-local-1160-c5 position-relative h-element\">\n                  <!---->\n                  <div class=\"h-heading__outer style-1338 style-local-1160-c5\">\n                    <!---->\n                    <!---->\n                    <h1 class=\"\"><strong>Actualit\u00e9s \u00e0 la Une<\/strong><\/h1>\n                  <\/div>\n                <\/div>\n                <div data-colibri-id=\"1160-c6\" class=\"style-2405 style-local-1160-c6 position-relative h-element\">\n                  <!---->\n                <\/div>\n                <div data-colibri-id=\"1160-c7\" class=\"h-global-transition-all h-heading style-2366 style-local-1160-c7 position-relative h-element\">\n                  <!---->\n                  <div class=\"h-heading__outer style-2366 style-local-1160-c7\">\n                    <!---->\n                    <!---->\n                    <h2 class=\"\">Une nouvelle saison<\/h2>\n                  <\/div>\n                <\/div>\n              <\/div>\n            <\/div>\n          <\/div>\n        <\/div>\n      <\/div>\n    <\/div>\n  <\/div>\n  <div data-colibri-component=\"section\" data-colibri-id=\"1160-c8\" id=\"custom\" class=\"h-section h-section-global-spacing d-flex align-items-lg-center align-items-md-center align-items-center style-2390 style-local-1160-c8 position-relative\">\n    <!---->\n    <!---->\n    <div class=\"h-section-grid-container h-section-boxed-container\">\n      <!---->\n      <div data-colibri-id=\"1160-c9\" class=\"h-row-container gutters-row-lg-2 gutters-row-md-2 gutters-row-0 gutters-row-v-lg-2 gutters-row-v-md-2 gutters-row-v-2 style-2391 style-local-1160-c9 position-relative\">\n        <!---->\n        <div class=\"h-row justify-content-lg-center justify-content-md-center justify-content-center align-items-lg-stretch align-items-md-stretch align-items-stretch gutters-col-lg-2 gutters-col-md-2 gutters-col-0 gutters-col-v-lg-2 gutters-col-v-md-2 gutters-col-v-2\">\n          <!---->\n          <div class=\"h-column h-column-container d-flex h-col-lg-auto h-col-md-auto h-col-auto style-2392-outer style-local-1160-c10-outer\">\n            <div data-colibri-id=\"1160-c10\" class=\"d-flex h-flex-basis h-column__inner h-px-lg-2 h-px-md-2 h-px-2 v-inner-lg-2 v-inner-md-2 v-inner-2 style-2392 style-local-1160-c10 position-relative\">\n              <!---->\n              <!---->\n              <div class=\"w-100 h-y-container h-column__content h-column__v-align flex-basis-100 align-self-lg-start align-self-md-start align-self-start\">\n                <!---->\n                <div data-colibri-id=\"1160-c11\" class=\"d-block style-2395 style-local-1160-c11 position-relative h-element\">\n                  <!---->\n                  <div class=\"h-image__frame-container-outer\">\n                    <div class=\"h-image__frame-container\">\n                      <!---->\n                      <!---->\n                      <img loading=\"lazy\" decoding=\"async\" width=\"1414\" height=\"2000\" src=\"https:\/\/omusica.fr\/wp-content\/uploads\/2026\/08\/Appel-a-don-2026-2027-recto-V6-1.jpg\" class=\"wp-image-6721 style-2395-image style-local-1160-c11-image\" alt=\"\" srcset=\"https:\/\/omusica.fr\/wp-content\/uploads\/2026\/08\/Appel-a-don-2026-2027-recto-V6-1.jpg 1414w, https:\/\/omusica.fr\/wp-content\/uploads\/2026\/08\/Appel-a-don-2026-2027-recto-V6-1-212x300.jpg 212w, https:\/\/omusica.fr\/wp-content\/uploads\/2026\/08\/Appel-a-don-2026-2027-recto-V6-1-724x1024.jpg 724w, https:\/\/omusica.fr\/wp-content\/uploads\/2026\/08\/Appel-a-don-2026-2027-recto-V6-1-768x1086.jpg 768w, https:\/\/omusica.fr\/wp-content\/uploads\/2026\/08\/Appel-a-don-2026-2027-recto-V6-1-1086x1536.jpg 1086w\" sizes=\"auto, (max-width: 1414px) 100vw, 1414px\" \/>\n                      <div class=\"h-image__frame h-hide-lg h-hide-md h-hide-sm style-2395-frameImage style-local-1160-c11-frameImage\"><\/div>\n                    <\/div>\n                  <\/div>\n                <\/div>\n              <\/div>\n            <\/div>\n          <\/div>\n          <div class=\"h-column h-column-container d-flex h-col-lg-auto h-col-md-auto h-col-auto style-2393-outer style-local-1160-c12-outer\">\n            <div data-colibri-id=\"1160-c12\" class=\"d-flex h-flex-basis h-column__inner h-px-lg-2 h-px-md-2 h-px-2 v-inner-lg-2 v-inner-md-2 v-inner-2 style-2393 style-local-1160-c12 position-relative\">\n              <!---->\n              <!---->\n              <div class=\"w-100 h-y-container h-column__content h-column__v-align flex-basis-100 align-self-lg-start align-self-md-start align-self-start\">\n                <!---->\n                <div data-colibri-id=\"1160-c13\" class=\"h-text h-text-component style-2394 style-local-1160-c13 position-relative h-element\">\n                  <!---->\n                  <!---->\n                  <div class=\"\">\n                    <p>Apr\u00e8s une belle saison consacr\u00e9e aux&nbsp;<span style=\"color: rgb(9, 33, 42); font-family: Assistant; font-size: 20px;\">\u0153uvres romantiques<\/span><span style=\"color: rgb(9, 33, 42); font-family: Assistant; font-size: 20px; font-weight: 600;\">&nbsp;de Brahms, Bartok, Delibes, Berlioz, Faur\u00e9, Saint-Sa\u00ebns, Mendelssohn\u2026<\/span>,\n                      nous travaillerons cette ann\u00e9e&nbsp;des&nbsp;<span style=\"color: rgb(9, 33, 42); font-family: Assistant; font-size: 20px; font-weight: 600;\">\u0153uvres baroques (Charpentier, Haendel, Purcell&#8230;) en collaboration avec l&#8217;ensemble vocal Quid Novi?, dirig\u00e9 \u00e9galement par notre chef de choeur \u00e0 Paris, et Les Musiciens de Mademoiselle de Guise<\/span><\/p>\n                    <p>Notez d\u00e8s \u00e0 pr\u00e9sent les dates de nos concerts : le 22 mai \u00e0 l&#8217;\u00e9glise Saint-Pierre de Chaillot \u00e0 Paris (XVIe) et le 29 mai \u00e0 l&#8217;\u00e9glise Sainte-Marguerite au V\u00e9sinet.<\/p>\n                    <p>Soutenez notre projet musical, faites un don pour que cette magnifique saison puisse voir le jour !&nbsp;<\/p>\n                  <\/div>\n                <\/div>\n                <div data-colibri-id=\"1160-c14\" class=\"h-x-container style-2951 style-local-1160-c14 position-relative h-element\">\n                  <!---->\n                  <div class=\"h-x-container-inner style-dynamic-1160-c14-group style-2951-spacing style-local-1160-c14-spacing\"><span class=\"h-button__outer style-2952-outer style-local-1160-c15-outer d-inline-flex h-element\"><a h-use-smooth-scroll=\"true\" href=\"https:\/\/omusica.fr\/?page_id=1149\"  data-colibri-id=\"1160-c15\" class=\"d-flex w-100 align-items-center h-button justify-content-lg-center justify-content-md-center justify-content-center style-2952 style-local-1160-c15 position-relative\"><!----><!----> <span>EN SAVOIR + SUR LA SAISON BAROQUE ET SOUTENIR LE PROJET<\/span><\/a>\n                    <\/span>\n                  <\/div>\n                <\/div>\n              <\/div>\n            <\/div>\n          <\/div>\n        <\/div>\n      <\/div>\n      <div data-colibri-id=\"1160-c16\" class=\"h-row-container gutters-row-lg-0 gutters-row-md-0 gutters-row-0 gutters-row-v-lg-0 gutters-row-v-md-0 gutters-row-v-0 style-2401 style-local-1160-c16 position-relative\">\n        <!---->\n        <div class=\"h-row justify-content-lg-center justify-content-md-center justify-content-center align-items-lg-stretch align-items-md-stretch align-items-stretch gutters-col-lg-0 gutters-col-md-0 gutters-col-0 gutters-col-v-lg-0 gutters-col-v-md-0 gutters-col-v-0\">\n          <!---->\n          <div class=\"h-column h-column-container d-flex h-col-lg-auto h-col-md-auto h-col-auto style-2402-outer style-local-1160-c17-outer\">\n            <div data-colibri-id=\"1160-c17\" class=\"d-flex h-flex-basis h-column__inner h-px-lg-0 h-px-md-0 h-px-0 v-inner-lg-0 v-inner-md-0 v-inner-0 style-2402 style-local-1160-c17 position-relative\">\n              <!---->\n              <!---->\n              <div class=\"w-100 h-y-container h-column__content h-column__v-align flex-basis-100 align-self-lg-start align-self-md-start align-self-start\">\n                <!---->\n                <div data-colibri-id=\"1160-c18\" class=\"h-divider style-2365 style-local-1160-c18 position-relative h-element\">\n                  <!----><span class=\"h-divider__line style-2365-line style-local-1160-c18-line style-2365-line style-local-1160-c18-line\"><\/span><\/div>\n              <\/div>\n            <\/div>\n          <\/div>\n        <\/div>\n      <\/div>\n    <\/div>\n  <\/div>\n  <div data-colibri-component=\"section\" data-colibri-id=\"1160-c19\" id=\"custom-3\" class=\"h-section h-section-global-spacing d-flex align-items-lg-center align-items-md-center align-items-center style-2396 style-local-1160-c19 position-relative\">\n    <!---->\n    <!---->\n    <div class=\"h-section-grid-container h-section-boxed-container\">\n      <!---->\n      <div data-colibri-id=\"1160-c20\" class=\"h-row-container gutters-row-lg-2 gutters-row-md-2 gutters-row-0 gutters-row-v-lg-2 gutters-row-v-md-2 gutters-row-v-2 style-2403 style-local-1160-c20 position-relative\">\n        <!---->\n        <div class=\"h-row justify-content-lg-center justify-content-md-center justify-content-center align-items-lg-stretch align-items-md-stretch align-items-stretch gutters-col-lg-2 gutters-col-md-2 gutters-col-0 gutters-col-v-lg-2 gutters-col-v-md-2 gutters-col-v-2\">\n          <!---->\n          <div class=\"h-column h-column-container d-flex h-col-lg-auto h-col-md-auto h-col-auto style-2404-outer style-local-1160-c21-outer\">\n            <div data-colibri-id=\"1160-c21\" class=\"d-flex h-flex-basis h-column__inner h-px-lg-2 h-px-md-2 h-px-2 v-inner-lg-2 v-inner-md-2 v-inner-2 style-2404 style-local-1160-c21 position-relative\">\n              <!---->\n              <!---->\n              <div class=\"w-100 h-y-container h-column__content h-column__v-align flex-basis-100 align-self-lg-start align-self-md-start align-self-start\">\n                <!---->\n                <div data-colibri-id=\"1160-c22\" class=\"h-global-transition-all h-heading style-2367 style-local-1160-c22 position-relative h-element\">\n                  <!---->\n                  <div class=\"h-heading__outer style-2367 style-local-1160-c22\">\n                    <!---->\n                    <!---->\n                    <h2 class=\"\">Rentr\u00e9e le mercredi 9 septembre 2026<\/h2>\n                  <\/div>\n                <\/div>\n              <\/div>\n            <\/div>\n          <\/div>\n        <\/div>\n      <\/div>\n      <div data-colibri-id=\"1160-c23\" class=\"h-row-container gutters-row-lg-2 gutters-row-md-2 gutters-row-0 gutters-row-v-lg-2 gutters-row-v-md-2 gutters-row-v-2 style-2397 style-local-1160-c23 position-relative\">\n        <!---->\n        <div class=\"h-row justify-content-lg-center justify-content-md-center justify-content-center align-items-lg-stretch align-items-md-stretch align-items-stretch gutters-col-lg-2 gutters-col-md-2 gutters-col-0 gutters-col-v-lg-2 gutters-col-v-md-2 gutters-col-v-2\">\n          <!---->\n          <div class=\"h-column h-column-container d-flex h-col-lg-auto h-col-md-auto h-col-auto style-2398-outer style-local-1160-c24-outer\">\n            <div data-colibri-id=\"1160-c24\" class=\"d-flex h-flex-basis h-column__inner h-px-lg-2 h-px-md-2 h-px-2 v-inner-lg-2 v-inner-md-2 v-inner-2 style-2398 style-local-1160-c24 position-relative\">\n              <!---->\n              <!---->\n              <div class=\"w-100 h-y-container h-column__content h-column__v-align flex-basis-100 align-self-lg-start align-self-md-start align-self-start\">\n                <!---->\n                <div data-colibri-id=\"1160-c25\" class=\"d-block style-2400 style-local-1160-c25 position-relative h-element\">\n                  <!---->\n                  <div class=\"h-image__frame-container-outer\">\n                    <div class=\"h-image__frame-container\">\n                      <!---->\n                      <!---->\n                      <img loading=\"lazy\" decoding=\"async\" width=\"600\" height=\"400\" src=\"https:\/\/omusica.fr\/wp-content\/uploads\/2024\/08\/repetition-O-Muscia.png\" class=\"wp-image-5081 style-2400-image style-local-1160-c25-image\" alt=\"r\u00e9p\u00e9tition O Musica\" srcset=\"https:\/\/omusica.fr\/wp-content\/uploads\/2024\/08\/repetition-O-Muscia.png 600w, https:\/\/omusica.fr\/wp-content\/uploads\/2024\/08\/repetition-O-Muscia-300x200.png 300w\" sizes=\"auto, (max-width: 600px) 100vw, 600px\" \/>\n                      <div class=\"h-image__frame h-hide-lg h-hide-md h-hide-sm style-2400-frameImage style-local-1160-c25-frameImage\"><\/div>\n                    <\/div>\n                  <\/div>\n                <\/div>\n              <\/div>\n            <\/div>\n          <\/div>\n          <div class=\"h-column h-column-container d-flex h-col-lg-auto h-col-md-auto h-col-auto style-2399-outer style-local-1160-c26-outer\">\n            <div data-colibri-id=\"1160-c26\" class=\"d-flex h-flex-basis h-column__inner h-px-lg-2 h-px-md-2 h-px-2 v-inner-lg-2 v-inner-md-2 v-inner-2 style-2399 style-local-1160-c26 position-relative\">\n              <!---->\n              <!---->\n              <div class=\"w-100 h-y-container h-column__content h-column__v-align flex-basis-100 align-self-lg-start align-self-md-start align-self-start\">\n                <!---->\n                <div data-colibri-id=\"1160-c27\" class=\"h-text h-text-component style-2368 style-local-1160-c27 position-relative h-element\">\n                  <!---->\n                  <!---->\n                  <div class=\"\">\n                    <p>Nos r\u00e9p\u00e9titions reprendront le <strong>mercredi 9 septembre<\/strong>&nbsp;de 20h45 \u00e0 22h45, salle Pasteur, au conservatoire Georges Bizet au V\u00e9sinet.&nbsp;Les nouveaux choristes y sont les bienvenus.<\/p>\n                  <\/div>\n                <\/div>\n              <\/div>\n            <\/div>\n          <\/div>\n        <\/div>\n      <\/div>\n    <\/div>\n  <\/div>\n<\/div>","protected":false},"excerpt":{"rendered":"<p>Actualit\u00e9s \u00e0 la Une Une nouvelle saison Apr\u00e8s une belle saison consacr\u00e9e aux&nbsp;\u0153uvres romantiques&nbsp;de Brahms, Bartok, Delibes, Berlioz, Faur\u00e9, Saint-Sa\u00ebns, Mendelssohn\u2026, nous travaillerons cette ann\u00e9e&nbsp;des&nbsp;\u0153uvres baroques (Charpentier, Haendel, Purcell&#8230;) en collaboration avec l&#8217;ensemble vocal Quid Novi?, dirig\u00e9 \u00e9galement par notre chef de choeur \u00e0 Paris, et Les Musiciens de Mademoiselle de Guise Notez d\u00e8s \u00e0 [&hellip;]<\/p>\n","protected":false},"author":3,"featured_media":0,"parent":1158,"menu_order":0,"comment_status":"closed","ping_status":"closed","template":"page-templates\/full-width-page.php","meta":{"_monsterinsights_skip_tracking":false,"footnotes":""},"class_list":["post-1160","page","type-page","status-publish","hentry"],"aioseo_notices":[],"aioseo_head":"\n\t\t<!-- All in One SEO 4.9.10 - aioseo.com -->\n\t<meta name=\"description\" content=\"Actualit\u00e9s \u00e0 la Une Une nouvelle saison Apr\u00e8s une belle saison consacr\u00e9e aux \u0153uvres romantiques de Brahms, Bartok, Delibes, Berlioz, Faur\u00e9, Saint-Sa\u00ebns, Mendelssohn\u2026, nous travaillerons cette ann\u00e9e des \u0153uvres baroques (Charpentier, Haendel, Purcell...) en collaboration avec l&#039;ensemble vocal Quid Novi?, dirig\u00e9 \u00e9galement par notre chef de choeur \u00e0 Paris, et Les Musiciens de Mademoiselle de Guise Notez d\u00e8s \u00e0\" \/>\n\t<meta name=\"robots\" content=\"max-image-preview:large\" \/>\n\t<link rel=\"canonical\" href=\"https:\/\/omusica.fr\/?page_id=1160\" \/>\n\t<meta name=\"generator\" content=\"All in One SEO (AIOSEO) 4.9.10\" \/>\n\t\t<meta property=\"og:locale\" content=\"fr_FR\" \/>\n\t\t<meta property=\"og:site_name\" content=\"O Musica - Ensemble vocal au V\u00e9sinet\" \/>\n\t\t<meta property=\"og:type\" content=\"article\" \/>\n\t\t<meta property=\"og:title\" content=\"Notre actualit\u00e9 - O Musica\" \/>\n\t\t<meta property=\"og:description\" content=\"Actualit\u00e9s \u00e0 la Une Une nouvelle saison Apr\u00e8s une belle saison consacr\u00e9e aux \u0153uvres romantiques de Brahms, Bartok, Delibes, Berlioz, Faur\u00e9, Saint-Sa\u00ebns, Mendelssohn\u2026, nous travaillerons cette ann\u00e9e des \u0153uvres baroques (Charpentier, Haendel, Purcell...) en collaboration avec l&#039;ensemble vocal Quid Novi?, dirig\u00e9 \u00e9galement par notre chef de choeur \u00e0 Paris, et Les Musiciens de Mademoiselle de Guise Notez d\u00e8s \u00e0\" \/>\n\t\t<meta property=\"og:url\" content=\"https:\/\/omusica.fr\/?page_id=1160\" \/>\n\t\t<meta property=\"og:image\" content=\"https:\/\/omusica.fr\/wp-content\/uploads\/2022\/10\/cropped-logo-omusica-scaled-1.jpg\" \/>\n\t\t<meta property=\"og:image:secure_url\" content=\"https:\/\/omusica.fr\/wp-content\/uploads\/2022\/10\/cropped-logo-omusica-scaled-1.jpg\" \/>\n\t\t<meta property=\"article:published_time\" content=\"2022-10-08T18:30:14+00:00\" \/>\n\t\t<meta property=\"article:modified_time\" content=\"2026-08-09T20:35:37+00:00\" \/>\n\t\t<meta name=\"twitter:card\" content=\"summary_large_image\" \/>\n\t\t<meta name=\"twitter:title\" content=\"Notre actualit\u00e9 - O Musica\" \/>\n\t\t<meta name=\"twitter:description\" content=\"Actualit\u00e9s \u00e0 la Une Une nouvelle saison Apr\u00e8s une belle saison consacr\u00e9e aux \u0153uvres romantiques de Brahms, Bartok, Delibes, Berlioz, Faur\u00e9, Saint-Sa\u00ebns, Mendelssohn\u2026, nous travaillerons cette ann\u00e9e des \u0153uvres baroques (Charpentier, Haendel, Purcell...) en collaboration avec l&#039;ensemble vocal Quid Novi?, dirig\u00e9 \u00e9galement par notre chef de choeur \u00e0 Paris, et Les Musiciens de Mademoiselle de Guise Notez d\u00e8s \u00e0\" \/>\n\t\t<meta name=\"twitter:image\" content=\"https:\/\/omusica.fr\/wp-content\/uploads\/2022\/10\/cropped-logo-omusica-scaled-1.jpg\" \/>\n\t\t<script type=\"application\/ld+json\" class=\"aioseo-schema\">\n\t\t\t{\"@context\":\"https:\\\/\\\/schema.org\",\"@graph\":[{\"@type\":\"BreadcrumbList\",\"@id\":\"https:\\\/\\\/omusica.fr\\\/?page_id=1160#breadcrumblist\",\"itemListElement\":[{\"@type\":\"ListItem\",\"@id\":\"https:\\\/\\\/omusica.fr#listItem\",\"position\":1,\"name\":\"Home\",\"item\":\"https:\\\/\\\/omusica.fr\",\"nextItem\":{\"@type\":\"ListItem\",\"@id\":\"https:\\\/\\\/omusica.fr\\\/?page_id=1158#listItem\",\"name\":\"Actualit\\u00e9s\"}},{\"@type\":\"ListItem\",\"@id\":\"https:\\\/\\\/omusica.fr\\\/?page_id=1158#listItem\",\"position\":2,\"name\":\"Actualit\\u00e9s\",\"item\":\"https:\\\/\\\/omusica.fr\\\/?page_id=1158\",\"nextItem\":{\"@type\":\"ListItem\",\"@id\":\"https:\\\/\\\/omusica.fr\\\/?page_id=1160#listItem\",\"name\":\"Notre actualit\\u00e9\"},\"previousItem\":{\"@type\":\"ListItem\",\"@id\":\"https:\\\/\\\/omusica.fr#listItem\",\"name\":\"Home\"}},{\"@type\":\"ListItem\",\"@id\":\"https:\\\/\\\/omusica.fr\\\/?page_id=1160#listItem\",\"position\":3,\"name\":\"Notre actualit\\u00e9\",\"previousItem\":{\"@type\":\"ListItem\",\"@id\":\"https:\\\/\\\/omusica.fr\\\/?page_id=1158#listItem\",\"name\":\"Actualit\\u00e9s\"}}]},{\"@type\":\"Organization\",\"@id\":\"https:\\\/\\\/omusica.fr\\\/#organization\",\"name\":\"O Musica\",\"description\":\"Ensemble vocal au V\\u00e9sinet\",\"url\":\"https:\\\/\\\/omusica.fr\\\/\",\"logo\":{\"@type\":\"ImageObject\",\"url\":\"https:\\\/\\\/omusica.fr\\\/wp-content\\\/uploads\\\/2022\\\/10\\\/cropped-logo-omusica-scaled-1.jpg\",\"@id\":\"https:\\\/\\\/omusica.fr\\\/?page_id=1160\\\/#organizationLogo\",\"width\":2560,\"height\":924},\"image\":{\"@id\":\"https:\\\/\\\/omusica.fr\\\/?page_id=1160\\\/#organizationLogo\"}},{\"@type\":\"WebPage\",\"@id\":\"https:\\\/\\\/omusica.fr\\\/?page_id=1160#webpage\",\"url\":\"https:\\\/\\\/omusica.fr\\\/?page_id=1160\",\"name\":\"Notre actualit\\u00e9 - O Musica\",\"description\":\"Actualit\\u00e9s \\u00e0 la Une Une nouvelle saison Apr\\u00e8s une belle saison consacr\\u00e9e aux \\u0153uvres romantiques de Brahms, Bartok, Delibes, Berlioz, Faur\\u00e9, Saint-Sa\\u00ebns, Mendelssohn\\u2026, nous travaillerons cette ann\\u00e9e des \\u0153uvres baroques (Charpentier, Haendel, Purcell...) en collaboration avec l'ensemble vocal Quid Novi?, dirig\\u00e9 \\u00e9galement par notre chef de choeur \\u00e0 Paris, et Les Musiciens de Mademoiselle de Guise Notez d\\u00e8s \\u00e0\",\"inLanguage\":\"fr-FR\",\"isPartOf\":{\"@id\":\"https:\\\/\\\/omusica.fr\\\/#website\"},\"breadcrumb\":{\"@id\":\"https:\\\/\\\/omusica.fr\\\/?page_id=1160#breadcrumblist\"},\"datePublished\":\"2022-10-08T20:30:14+02:00\",\"dateModified\":\"2026-08-09T22:35:37+02:00\"},{\"@type\":\"WebSite\",\"@id\":\"https:\\\/\\\/omusica.fr\\\/#website\",\"url\":\"https:\\\/\\\/omusica.fr\\\/\",\"name\":\"O Musica\",\"description\":\"Ensemble vocal au V\\u00e9sinet\",\"inLanguage\":\"fr-FR\",\"publisher\":{\"@id\":\"https:\\\/\\\/omusica.fr\\\/#organization\"}}]}\n\t\t<\/script>\n\t\t<!-- All in One SEO -->\n\n","aioseo_head_json":{"title":"Notre actualit\u00e9 - O Musica","description":"Actualit\u00e9s \u00e0 la Une Une nouvelle saison Apr\u00e8s une belle saison consacr\u00e9e aux \u0153uvres romantiques de Brahms, Bartok, Delibes, Berlioz, Faur\u00e9, Saint-Sa\u00ebns, Mendelssohn\u2026, nous travaillerons cette ann\u00e9e des \u0153uvres baroques (Charpentier, Haendel, Purcell...) en collaboration avec l'ensemble vocal Quid Novi?, dirig\u00e9 \u00e9galement par notre chef de choeur \u00e0 Paris, et Les Musiciens de Mademoiselle de Guise Notez d\u00e8s \u00e0","canonical_url":"https:\/\/omusica.fr\/?page_id=1160","robots":"max-image-preview:large","keywords":"","webmasterTools":{"miscellaneous":""},"schema":{"@context":"https:\/\/schema.org","@graph":[{"@type":"BreadcrumbList","@id":"https:\/\/omusica.fr\/?page_id=1160#breadcrumblist","itemListElement":[{"@type":"ListItem","@id":"https:\/\/omusica.fr#listItem","position":1,"name":"Home","item":"https:\/\/omusica.fr","nextItem":{"@type":"ListItem","@id":"https:\/\/omusica.fr\/?page_id=1158#listItem","name":"Actualit\u00e9s"}},{"@type":"ListItem","@id":"https:\/\/omusica.fr\/?page_id=1158#listItem","position":2,"name":"Actualit\u00e9s","item":"https:\/\/omusica.fr\/?page_id=1158","nextItem":{"@type":"ListItem","@id":"https:\/\/omusica.fr\/?page_id=1160#listItem","name":"Notre actualit\u00e9"},"previousItem":{"@type":"ListItem","@id":"https:\/\/omusica.fr#listItem","name":"Home"}},{"@type":"ListItem","@id":"https:\/\/omusica.fr\/?page_id=1160#listItem","position":3,"name":"Notre actualit\u00e9","previousItem":{"@type":"ListItem","@id":"https:\/\/omusica.fr\/?page_id=1158#listItem","name":"Actualit\u00e9s"}}]},{"@type":"Organization","@id":"https:\/\/omusica.fr\/#organization","name":"O Musica","description":"Ensemble vocal au V\u00e9sinet","url":"https:\/\/omusica.fr\/","logo":{"@type":"ImageObject","url":"https:\/\/omusica.fr\/wp-content\/uploads\/2022\/10\/cropped-logo-omusica-scaled-1.jpg","@id":"https:\/\/omusica.fr\/?page_id=1160\/#organizationLogo","width":2560,"height":924},"image":{"@id":"https:\/\/omusica.fr\/?page_id=1160\/#organizationLogo"}},{"@type":"WebPage","@id":"https:\/\/omusica.fr\/?page_id=1160#webpage","url":"https:\/\/omusica.fr\/?page_id=1160","name":"Notre actualit\u00e9 - O Musica","description":"Actualit\u00e9s \u00e0 la Une Une nouvelle saison Apr\u00e8s une belle saison consacr\u00e9e aux \u0153uvres romantiques de Brahms, Bartok, Delibes, Berlioz, Faur\u00e9, Saint-Sa\u00ebns, Mendelssohn\u2026, nous travaillerons cette ann\u00e9e des \u0153uvres baroques (Charpentier, Haendel, Purcell...) en collaboration avec l'ensemble vocal Quid Novi?, dirig\u00e9 \u00e9galement par notre chef de choeur \u00e0 Paris, et Les Musiciens de Mademoiselle de Guise Notez d\u00e8s \u00e0","inLanguage":"fr-FR","isPartOf":{"@id":"https:\/\/omusica.fr\/#website"},"breadcrumb":{"@id":"https:\/\/omusica.fr\/?page_id=1160#breadcrumblist"},"datePublished":"2022-10-08T20:30:14+02:00","dateModified":"2026-08-09T22:35:37+02:00"},{"@type":"WebSite","@id":"https:\/\/omusica.fr\/#website","url":"https:\/\/omusica.fr\/","name":"O Musica","description":"Ensemble vocal au V\u00e9sinet","inLanguage":"fr-FR","publisher":{"@id":"https:\/\/omusica.fr\/#organization"}}]},"og:locale":"fr_FR","og:site_name":"O Musica - Ensemble vocal au V\u00e9sinet","og:type":"article","og:title":"Notre actualit\u00e9 - O Musica","og:description":"Actualit\u00e9s \u00e0 la Une Une nouvelle saison Apr\u00e8s une belle saison consacr\u00e9e aux \u0153uvres romantiques de Brahms, Bartok, Delibes, Berlioz, Faur\u00e9, Saint-Sa\u00ebns, Mendelssohn\u2026, nous travaillerons cette ann\u00e9e des \u0153uvres baroques (Charpentier, Haendel, Purcell...) en collaboration avec l'ensemble vocal Quid Novi?, dirig\u00e9 \u00e9galement par notre chef de choeur \u00e0 Paris, et Les Musiciens de Mademoiselle de Guise Notez d\u00e8s \u00e0","og:url":"https:\/\/omusica.fr\/?page_id=1160","og:image":"https:\/\/omusica.fr\/wp-content\/uploads\/2022\/10\/cropped-logo-omusica-scaled-1.jpg","og:image:secure_url":"https:\/\/omusica.fr\/wp-content\/uploads\/2022\/10\/cropped-logo-omusica-scaled-1.jpg","article:published_time":"2022-10-08T18:30:14+00:00","article:modified_time":"2026-08-09T20:35:37+00:00","twitter:card":"summary_large_image","twitter:title":"Notre actualit\u00e9 - O Musica","twitter:description":"Actualit\u00e9s \u00e0 la Une Une nouvelle saison Apr\u00e8s une belle saison consacr\u00e9e aux \u0153uvres romantiques de Brahms, Bartok, Delibes, Berlioz, Faur\u00e9, Saint-Sa\u00ebns, Mendelssohn\u2026, nous travaillerons cette ann\u00e9e des \u0153uvres baroques (Charpentier, Haendel, Purcell...) en collaboration avec l'ensemble vocal Quid Novi?, dirig\u00e9 \u00e9galement par notre chef de choeur \u00e0 Paris, et Les Musiciens de Mademoiselle de Guise Notez d\u00e8s \u00e0","twitter:image":"https:\/\/omusica.fr\/wp-content\/uploads\/2022\/10\/cropped-logo-omusica-scaled-1.jpg"},"aioseo_meta_data":{"post_id":"1160","title":null,"description":null,"keywords":null,"keyphrases":{"focus":{"keyphrase":"","score":0,"analysis":{"keyphraseInTitle":{"score":0,"maxScore":9,"error":1}}},"additional":[]},"primary_term":null,"canonical_url":null,"og_title":null,"og_description":null,"og_object_type":"default","og_image_type":"default","og_image_url":null,"og_image_width":null,"og_image_height":null,"og_image_custom_url":null,"og_image_custom_fields":null,"og_video":"","og_custom_url":null,"og_article_section":null,"og_article_tags":null,"twitter_use_og":false,"twitter_card":"default","twitter_image_type":"default","twitter_image_url":null,"twitter_image_custom_url":null,"twitter_image_custom_fields":null,"twitter_title":null,"twitter_description":null,"schema":{"blockGraphs":[],"customGraphs":[],"default":{"data":{"Article":[],"Course":[],"Dataset":[],"FAQPage":[],"Movie":[],"Person":[],"Product":[],"ProductReview":[],"Car":[],"Recipe":[],"Service":[],"SoftwareApplication":[],"WebPage":[]},"graphName":"WebPage","isEnabled":true},"graphs":[]},"schema_type":"default","schema_type_options":null,"pillar_content":false,"robots_default":true,"robots_noindex":false,"robots_noarchive":false,"robots_nosnippet":false,"robots_nofollow":false,"robots_noimageindex":false,"robots_noodp":false,"robots_notranslate":false,"robots_max_snippet":"-1","robots_max_videopreview":"-1","robots_max_imagepreview":"large","priority":null,"frequency":"default","local_seo":null,"limit_modified_date":false,"created":"2024-12-22 12:07:19","updated":"2026-08-09 22:09:49","ai":{"faqs":[],"keyPoints":[],"schemas":[],"titles":[],"descriptions":[],"socialPosts":{"email":{"subject":"","preview":"","content":""},"linkedin":[],"twitter":[],"facebook":[],"instagram":[]}},"breadcrumb_settings":null,"seo_analyzer_scan_date":null},"aioseo_breadcrumb":"<div class=\"aioseo-breadcrumbs\"><span class=\"aioseo-breadcrumb\">\n\t\t\t<a href=\"https:\/\/omusica.fr\" title=\"Home\">Home<\/a>\n\t\t<\/span><span class=\"aioseo-breadcrumb-separator\">&raquo;<\/span><span class=\"aioseo-breadcrumb\">\n\t\t\t<a href=\"https:\/\/omusica.fr\/?page_id=1158\" title=\"Actualit\u00e9s\">Actualit\u00e9s<\/a>\n\t\t<\/span><span class=\"aioseo-breadcrumb-separator\">&raquo;<\/span><span class=\"aioseo-breadcrumb\">\n\t\t\tNotre actualit\u00e9\n\t\t<\/span><\/div>","aioseo_breadcrumb_json":[{"label":"Home","link":"https:\/\/omusica.fr"},{"label":"Actualit\u00e9s","link":"https:\/\/omusica.fr\/?page_id=1158"},{"label":"Notre actualit\u00e9","link":"https:\/\/omusica.fr\/?page_id=1160"}],"_links":{"self":[{"href":"https:\/\/omusica.fr\/index.php?rest_route=\/wp\/v2\/pages\/1160","targetHints":{"allow":["GET"]}}],"collection":[{"href":"https:\/\/omusica.fr\/index.php?rest_route=\/wp\/v2\/pages"}],"about":[{"href":"https:\/\/omusica.fr\/index.php?rest_route=\/wp\/v2\/types\/page"}],"author":[{"embeddable":true,"href":"https:\/\/omusica.fr\/index.php?rest_route=\/wp\/v2\/users\/3"}],"replies":[{"embeddable":true,"href":"https:\/\/omusica.fr\/index.php?rest_route=%2Fwp%2Fv2%2Fcomments&post=1160"}],"version-history":[{"count":21,"href":"https:\/\/omusica.fr\/index.php?rest_route=\/wp\/v2\/pages\/1160\/revisions"}],"predecessor-version":[{"id":6730,"href":"https:\/\/omusica.fr\/index.php?rest_route=\/wp\/v2\/pages\/1160\/revisions\/6730"}],"up":[{"embeddable":true,"href":"https:\/\/omusica.fr\/index.php?rest_route=\/wp\/v2\/pages\/1158"}],"wp:attachment":[{"href":"https:\/\/omusica.fr\/index.php?rest_route=%2Fwp%2Fv2%2Fmedia&parent=1160"}],"curies":[{"name":"wp","href":"https:\/\/api.w.org\/{rel}","templated":true}]}}