{"id":1162,"date":"2022-10-08T20:30:23","date_gmt":"2022-10-08T18:30:23","guid":{"rendered":"https:\/\/omusica.fr\/?page_id=1162"},"modified":"2025-02-13T14:24:19","modified_gmt":"2025-02-13T13:24:19","slug":"dans-la-presse","status":"publish","type":"page","link":"https:\/\/omusica.fr\/?page_id=1162","title":{"rendered":"Dans la presse"},"content":{"rendered":"<div data-colibri-id=\"1162-c1\" class=\"style-1415 style-local-1162-c1 position-relative\">\n  <!---->\n  <div data-colibri-component=\"section\" data-colibri-id=\"1162-c2\" id=\"custom\" class=\"h-section h-section-global-spacing d-flex align-items-lg-center align-items-md-center align-items-center style-1416 style-local-1162-c2 position-relative\">\n    <!---->\n    <!---->\n    <div class=\"h-section-grid-container h-section-boxed-container\">\n      <!---->\n      <div data-colibri-id=\"1162-c3\" class=\"h-row-container gutters-row-lg-2 gutters-row-md-2 gutters-row-0 gutters-row-v-lg-2 gutters-row-v-md-2 gutters-row-v-2 style-1419 style-local-1162-c3 position-relative\">\n        <!---->\n        <div class=\"h-row justify-content-lg-center justify-content-md-center justify-content-center align-items-lg-stretch align-items-md-stretch align-items-stretch gutters-col-lg-2 gutters-col-md-2 gutters-col-0 gutters-col-v-lg-2 gutters-col-v-md-2 gutters-col-v-2\">\n          <!---->\n          <div class=\"h-column h-column-container d-flex h-col-lg-auto h-col-md-auto h-col-auto style-1420-outer style-local-1162-c4-outer\">\n            <div data-colibri-id=\"1162-c4\" class=\"d-flex h-flex-basis h-column__inner h-px-lg-2 h-px-md-2 h-px-2 v-inner-lg-2 v-inner-md-2 v-inner-2 style-1420 style-local-1162-c4 position-relative\">\n              <!---->\n              <!---->\n              <div class=\"w-100 h-y-container h-column__content h-column__v-align flex-basis-100 align-self-lg-start align-self-md-start align-self-start\">\n                <!---->\n                <div data-colibri-id=\"1162-c5\" class=\"h-global-transition-all h-heading style-1421 style-local-1162-c5 position-relative h-element\">\n                  <!---->\n                  <div class=\"h-heading__outer style-1421 style-local-1162-c5\">\n                    <!---->\n                    <!---->\n                    <h1 class=\"\"><strong>Dans la presse<\/strong><\/h1>\n                  <\/div>\n                <\/div>\n              <\/div>\n            <\/div>\n          <\/div>\n        <\/div>\n      <\/div>\n      <div data-colibri-id=\"1162-c6\" class=\"h-row-container gutters-row-lg-2 gutters-row-md-2 gutters-row-0 gutters-row-v-lg-2 gutters-row-v-md-2 gutters-row-v-2 style-1422 style-local-1162-c6 position-relative\">\n        <!---->\n        <div class=\"h-row justify-content-lg-center justify-content-md-center justify-content-center align-items-lg-stretch align-items-md-stretch align-items-stretch gutters-col-lg-2 gutters-col-md-2 gutters-col-0 gutters-col-v-lg-2 gutters-col-v-md-2 gutters-col-v-2\">\n          <!---->\n          <div class=\"h-column h-column-container d-flex h-col-lg-auto h-col-md-auto h-col-auto style-1423-outer style-local-1162-c7-outer\">\n            <div data-colibri-id=\"1162-c7\" class=\"d-flex h-flex-basis h-column__inner h-px-lg-2 h-px-md-2 h-px-2 v-inner-lg-2 v-inner-md-2 v-inner-2 style-1423 style-local-1162-c7 position-relative\">\n              <!---->\n              <!---->\n              <div class=\"w-100 h-y-container h-column__content h-column__v-align flex-basis-100 align-self-lg-start align-self-md-start align-self-start\">\n                <!---->\n                <div data-colibri-id=\"1162-c8\" class=\"h-text h-text-component style-1424 style-local-1162-c8 position-relative h-element\">\n                  <!---->\n                  <!---->\n                  <div class=\"\">\n                    <p>On parle de nous. D\u00e9couvrez quelques articles ci-dessous :&nbsp;<\/p>\n                  <\/div>\n                <\/div>\n              <\/div>\n            <\/div>\n          <\/div>\n        <\/div>\n      <\/div>\n      <div data-colibri-id=\"1162-c9\" class=\"h-row-container gutters-row-lg-2 gutters-row-md-2 gutters-row-0 gutters-row-v-lg-2 gutters-row-v-md-2 gutters-row-v-2 style-2571 style-local-1162-c9 position-relative\">\n        <!---->\n        <div class=\"h-row justify-content-lg-center justify-content-md-center justify-content-center align-items-lg-stretch align-items-md-stretch align-items-stretch gutters-col-lg-2 gutters-col-md-2 gutters-col-0 gutters-col-v-lg-2 gutters-col-v-md-2 gutters-col-v-2\">\n          <!---->\n          <div class=\"h-column h-column-container d-flex h-col-lg-auto h-col-md-auto h-col-auto style-2572-outer style-local-1162-c10-outer\">\n            <div data-colibri-id=\"1162-c10\" class=\"d-flex h-flex-basis h-column__inner h-px-lg-2 h-px-md-2 h-px-2 v-inner-lg-2 v-inner-md-2 v-inner-2 style-2572 style-local-1162-c10 position-relative\">\n              <!---->\n              <!---->\n              <div class=\"w-100 h-y-container h-column__content h-column__v-align flex-basis-100 align-self-lg-start align-self-md-start align-self-start\">\n                <!---->\n                <div data-colibri-id=\"1162-c11\" class=\"h-divider style-2570 style-local-1162-c11 position-relative h-element\">\n                  <!----><span class=\"h-divider__line style-2570-line style-local-1162-c11-line style-2570-line style-local-1162-c11-line\"><\/span><\/div>\n              <\/div>\n            <\/div>\n          <\/div>\n        <\/div>\n      <\/div>\n    <\/div>\n  <\/div>\n  <div data-colibri-component=\"section\" data-colibri-id=\"1162-c12\" id=\"custom-8\" class=\"h-section h-section-global-spacing d-flex align-items-lg-center align-items-md-center align-items-center style-2561 style-local-1162-c12 position-relative\">\n    <!---->\n    <!---->\n    <div class=\"h-section-grid-container h-section-boxed-container\">\n      <!---->\n      <div data-colibri-id=\"1162-c13\" class=\"h-row-container gutters-row-lg-2 gutters-row-md-2 gutters-row-0 gutters-row-v-lg-2 gutters-row-v-md-2 gutters-row-v-2 style-2562 style-local-1162-c13 position-relative\">\n        <!---->\n        <div class=\"h-row justify-content-lg-center justify-content-md-center justify-content-center align-items-lg-stretch align-items-md-stretch align-items-stretch gutters-col-lg-2 gutters-col-md-2 gutters-col-0 gutters-col-v-lg-2 gutters-col-v-md-2 gutters-col-v-2\">\n          <!---->\n          <div class=\"h-column h-column-container d-flex h-col-lg-auto h-col-md-auto h-col-auto style-2563-outer style-local-1162-c14-outer\">\n            <div data-colibri-id=\"1162-c14\" class=\"d-flex h-flex-basis h-column__inner h-px-lg-2 h-px-md-2 h-px-2 v-inner-lg-2 v-inner-md-2 v-inner-2 style-2563 style-local-1162-c14 position-relative\">\n              <!---->\n              <!---->\n              <div class=\"w-100 h-y-container h-column__content h-column__v-align flex-basis-100 align-self-lg-start align-self-md-start align-self-start\">\n                <!---->\n                <div data-colibri-id=\"1162-c15\" class=\"h-text h-text-component style-2567 style-local-1162-c15 position-relative h-element\">\n                  <!---->\n                  <!---->\n                  <div class=\"\">\n                    <p><strong style=\"color: rgb(23, 37, 42); font-family: Assistant; font-size: 20px;\">Sur le concert Didon et En\u00e9e au Quai 3 au Pecq le samedi 26 mai 2018<\/strong>\n                      <br><span style=\"font-weight: 600; font-size: 20px; font-family: Assistant; color: rgb(23, 37, 42);\">Articles parus dans&nbsp;<\/span><em style=\"font-weight: 600; font-size: 20px; font-family: Assistant; color: rgb(23, 37, 42);\">Le Pecq en Sc\u00e8ne<\/em>\n                      <span\n                        style=\"font-weight: 600; font-size: 20px; font-family: Assistant; color: rgb(23, 37, 42);\">&nbsp;&#8211; 05 et 06\/2018<\/span>\n                    <\/p>\n                  <\/div>\n                <\/div>\n                <div data-colibri-id=\"1162-c16\" class=\"d-block style-2568 style-local-1162-c16 position-relative h-element\">\n                  <!---->\n                  <div class=\"h-image__frame-container-outer\">\n                    <div class=\"h-image__frame-container\">\n                      <!---->\n                      <!---->\n                      <img loading=\"lazy\" decoding=\"async\" width=\"1916\" height=\"1161\" src=\"https:\/\/omusica.fr\/wp-content\/uploads\/2025\/01\/2018-05-article-Le-Pecq-en-sceneDidon.jpg\" class=\"wp-image-5583 style-2568-image style-local-1162-c16-image\" alt=\"2018-05 article Le Pecq en scene Didon et En\u00e9e O Musica\" srcset=\"https:\/\/omusica.fr\/wp-content\/uploads\/2025\/01\/2018-05-article-Le-Pecq-en-sceneDidon.jpg 1916w, https:\/\/omusica.fr\/wp-content\/uploads\/2025\/01\/2018-05-article-Le-Pecq-en-sceneDidon-300x182.jpg 300w, https:\/\/omusica.fr\/wp-content\/uploads\/2025\/01\/2018-05-article-Le-Pecq-en-sceneDidon-1024x620.jpg 1024w, https:\/\/omusica.fr\/wp-content\/uploads\/2025\/01\/2018-05-article-Le-Pecq-en-sceneDidon-768x465.jpg 768w, https:\/\/omusica.fr\/wp-content\/uploads\/2025\/01\/2018-05-article-Le-Pecq-en-sceneDidon-1536x931.jpg 1536w\" sizes=\"auto, (max-width: 1916px) 100vw, 1916px\" \/>\n                      <div class=\"h-image__frame h-hide-lg h-hide-md h-hide-sm style-2568-frameImage style-local-1162-c16-frameImage\"><\/div>\n                    <\/div>\n                  <\/div>\n                <\/div>\n              <\/div>\n            <\/div>\n          <\/div>\n          <div class=\"h-column h-column-container d-flex h-col-lg-auto h-col-md-auto h-col-auto style-2564-outer style-local-1162-c17-outer\">\n            <div data-colibri-id=\"1162-c17\" class=\"d-flex h-flex-basis h-column__inner h-px-lg-2 h-px-md-2 h-px-2 v-inner-lg-2 v-inner-md-2 v-inner-2 style-2564 style-local-1162-c17 position-relative\">\n              <!---->\n              <!---->\n              <div class=\"w-100 h-y-container h-column__content h-column__v-align flex-basis-100 align-self-lg-start align-self-md-start align-self-start\">\n                <!---->\n                <div data-colibri-id=\"1162-c18\" class=\"d-block style-2566 style-local-1162-c18 position-relative h-element\">\n                  <!---->\n                  <div class=\"h-image__frame-container-outer\">\n                    <div class=\"h-image__frame-container\">\n                      <!---->\n                      <!---->\n                      <img loading=\"lazy\" decoding=\"async\" width=\"934\" height=\"875\" src=\"https:\/\/omusica.fr\/wp-content\/uploads\/2025\/01\/2018-06-Article-Le-Pecq-en-scene-Didon-et-Enee_page-0001.jpg\" class=\"wp-image-5584 style-2566-image style-local-1162-c18-image\" alt=\"2018-06 Article Le Pecq en sc\u00e8ne Didon et En\u00e9e O Musica\" srcset=\"https:\/\/omusica.fr\/wp-content\/uploads\/2025\/01\/2018-06-Article-Le-Pecq-en-scene-Didon-et-Enee_page-0001.jpg 934w, https:\/\/omusica.fr\/wp-content\/uploads\/2025\/01\/2018-06-Article-Le-Pecq-en-scene-Didon-et-Enee_page-0001-300x281.jpg 300w, https:\/\/omusica.fr\/wp-content\/uploads\/2025\/01\/2018-06-Article-Le-Pecq-en-scene-Didon-et-Enee_page-0001-768x719.jpg 768w\" sizes=\"auto, (max-width: 934px) 100vw, 934px\" \/>\n                      <div class=\"h-image__frame h-hide-lg h-hide-md h-hide-sm style-2566-frameImage style-local-1162-c18-frameImage\"><\/div>\n                    <\/div>\n                  <\/div>\n                <\/div>\n              <\/div>\n            <\/div>\n          <\/div>\n        <\/div>\n      <\/div>\n      <div data-colibri-id=\"1162-c19\" class=\"h-row-container gutters-row-lg-2 gutters-row-md-2 gutters-row-0 gutters-row-v-lg-2 gutters-row-v-md-2 gutters-row-v-2 style-2575 style-local-1162-c19 position-relative\">\n        <!---->\n        <div class=\"h-row justify-content-lg-center justify-content-md-center justify-content-center align-items-lg-stretch align-items-md-stretch align-items-stretch gutters-col-lg-2 gutters-col-md-2 gutters-col-0 gutters-col-v-lg-2 gutters-col-v-md-2 gutters-col-v-2\">\n          <!---->\n          <div class=\"h-column h-column-container d-flex h-col-lg-auto h-col-md-auto h-col-auto style-2576-outer style-local-1162-c20-outer\">\n            <div data-colibri-id=\"1162-c20\" class=\"d-flex h-flex-basis h-column__inner h-px-lg-2 h-px-md-2 h-px-2 v-inner-lg-2 v-inner-md-2 v-inner-2 style-2576 style-local-1162-c20 position-relative\">\n              <!---->\n              <!---->\n              <div class=\"w-100 h-y-container h-column__content h-column__v-align flex-basis-100 align-self-lg-start align-self-md-start align-self-start\">\n                <!---->\n                <div data-colibri-id=\"1162-c21\" class=\"h-divider style-2574 style-local-1162-c21 position-relative h-element\">\n                  <!----><span class=\"h-divider__line style-2574-line style-local-1162-c21-line style-2574-line style-local-1162-c21-line\"><\/span><\/div>\n              <\/div>\n            <\/div>\n          <\/div>\n        <\/div>\n      <\/div>\n    <\/div>\n  <\/div>\n  <div data-colibri-component=\"section\" data-colibri-id=\"1162-c22\" id=\"custom-7\" class=\"h-section h-section-global-spacing d-flex align-items-lg-center align-items-md-center align-items-center style-2554 style-local-1162-c22 position-relative\">\n    <!---->\n    <!---->\n    <div class=\"h-section-grid-container h-section-boxed-container\">\n      <!---->\n      <div data-colibri-id=\"1162-c23\" class=\"h-row-container gutters-row-lg-2 gutters-row-md-2 gutters-row-0 gutters-row-v-lg-2 gutters-row-v-md-2 gutters-row-v-2 style-2555 style-local-1162-c23 position-relative\">\n        <!---->\n        <div class=\"h-row justify-content-lg-center justify-content-md-center justify-content-center align-items-lg-stretch align-items-md-stretch align-items-stretch gutters-col-lg-2 gutters-col-md-2 gutters-col-0 gutters-col-v-lg-2 gutters-col-v-md-2 gutters-col-v-2\">\n          <!---->\n          <div class=\"h-column h-column-container d-flex h-col-lg-auto h-col-md-auto h-col-auto style-2556-outer style-local-1162-c24-outer\">\n            <div data-colibri-id=\"1162-c24\" class=\"d-flex h-flex-basis h-column__inner h-px-lg-2 h-px-md-2 h-px-2 v-inner-lg-2 v-inner-md-2 v-inner-2 style-2556 style-local-1162-c24 position-relative\">\n              <!---->\n              <!---->\n              <div class=\"w-100 h-y-container h-column__content h-column__v-align flex-basis-100 align-self-lg-start align-self-md-start align-self-start\">\n                <!---->\n                <div data-colibri-id=\"1162-c25\" class=\"d-block style-2558 style-local-1162-c25 position-relative h-element\">\n                  <!---->\n                  <div class=\"h-image__frame-container-outer\">\n                    <div class=\"h-image__frame-container\">\n                      <!---->\n                      <!---->\n                      <img loading=\"lazy\" decoding=\"async\" width=\"964\" height=\"1103\" src=\"https:\/\/omusica.fr\/wp-content\/uploads\/2025\/01\/2018-03-article-Le-Pecq-en-scene_page-0001.jpg\" class=\"wp-image-5582 style-2558-image style-local-1162-c25-image\" alt=\"2018-03 article Le Pecq en sc\u00e8ne O Musica concert ARSEP et Musicolor\" srcset=\"https:\/\/omusica.fr\/wp-content\/uploads\/2025\/01\/2018-03-article-Le-Pecq-en-scene_page-0001.jpg 964w, https:\/\/omusica.fr\/wp-content\/uploads\/2025\/01\/2018-03-article-Le-Pecq-en-scene_page-0001-262x300.jpg 262w, https:\/\/omusica.fr\/wp-content\/uploads\/2025\/01\/2018-03-article-Le-Pecq-en-scene_page-0001-895x1024.jpg 895w, https:\/\/omusica.fr\/wp-content\/uploads\/2025\/01\/2018-03-article-Le-Pecq-en-scene_page-0001-768x879.jpg 768w\" sizes=\"auto, (max-width: 964px) 100vw, 964px\" \/>\n                      <div class=\"h-image__frame h-hide-lg h-hide-md h-hide-sm style-2558-frameImage style-local-1162-c25-frameImage\"><\/div>\n                    <\/div>\n                  <\/div>\n                <\/div>\n              <\/div>\n            <\/div>\n          <\/div>\n          <div class=\"h-column h-column-container d-flex h-col-lg-auto h-col-md-auto h-col-auto style-2557-outer style-local-1162-c26-outer\">\n            <div data-colibri-id=\"1162-c26\" class=\"d-flex h-flex-basis h-column__inner h-px-lg-2 h-px-md-2 h-px-2 v-inner-lg-2 v-inner-md-2 v-inner-2 style-2557 style-local-1162-c26 position-relative\">\n              <!---->\n              <!---->\n              <div class=\"w-100 h-y-container h-column__content h-column__v-align flex-basis-100 align-self-lg-start align-self-md-start align-self-start\">\n                <!---->\n                <div data-colibri-id=\"1162-c27\" class=\"h-text h-text-component style-2560 style-local-1162-c27 position-relative h-element\">\n                  <!---->\n                  <!---->\n                  <div class=\"\">\n                    <p><strong>Annonce pour le concert caritatif au profit de la fondation ARSEP \u00e0 l&#8217;\u00e9glise Sainte-Pauline au V\u00e9sinet<br><\/strong>Article paru dans&nbsp;<em>Le Pecq en Sc\u00e8ne<\/em>&nbsp;&#8211; 03\/2018<\/p>\n                  <\/div>\n                <\/div>\n              <\/div>\n            <\/div>\n          <\/div>\n        <\/div>\n      <\/div>\n      <div data-colibri-id=\"1162-c28\" class=\"h-row-container gutters-row-lg-2 gutters-row-md-2 gutters-row-0 gutters-row-v-lg-2 gutters-row-v-md-2 gutters-row-v-2 style-2579 style-local-1162-c28 position-relative\">\n        <!---->\n        <div class=\"h-row justify-content-lg-center justify-content-md-center justify-content-center align-items-lg-stretch align-items-md-stretch align-items-stretch gutters-col-lg-2 gutters-col-md-2 gutters-col-0 gutters-col-v-lg-2 gutters-col-v-md-2 gutters-col-v-2\">\n          <!---->\n          <div class=\"h-column h-column-container d-flex h-col-lg-auto h-col-md-auto h-col-auto style-2580-outer style-local-1162-c29-outer\">\n            <div data-colibri-id=\"1162-c29\" class=\"d-flex h-flex-basis h-column__inner h-px-lg-2 h-px-md-2 h-px-2 v-inner-lg-2 v-inner-md-2 v-inner-2 style-2580 style-local-1162-c29 position-relative\">\n              <!---->\n              <!---->\n              <div class=\"w-100 h-y-container h-column__content h-column__v-align flex-basis-100 align-self-lg-start align-self-md-start align-self-start\">\n                <!---->\n                <div data-colibri-id=\"1162-c30\" class=\"h-divider style-2578 style-local-1162-c30 position-relative h-element\">\n                  <!----><span class=\"h-divider__line style-2578-line style-local-1162-c30-line style-2578-line style-local-1162-c30-line\"><\/span><\/div>\n              <\/div>\n            <\/div>\n          <\/div>\n        <\/div>\n      <\/div>\n    <\/div>\n  <\/div>\n  <div data-colibri-component=\"section\" data-colibri-id=\"1162-c77\" id=\"custom-9\" class=\"h-section h-section-global-spacing d-flex align-items-lg-center align-items-md-center align-items-center style-2609 style-local-1162-c77 position-relative\">\n    <!---->\n    <!---->\n    <div class=\"h-section-grid-container h-section-boxed-container\">\n      <!---->\n      <div data-colibri-id=\"1162-c78\" class=\"h-row-container gutters-row-lg-2 gutters-row-md-2 gutters-row-0 gutters-row-v-lg-2 gutters-row-v-md-2 gutters-row-v-2 style-2610 style-local-1162-c78 position-relative\">\n        <!---->\n        <div class=\"h-row justify-content-lg-center justify-content-md-center justify-content-center align-items-lg-stretch align-items-md-stretch align-items-stretch gutters-col-lg-2 gutters-col-md-2 gutters-col-0 gutters-col-v-lg-2 gutters-col-v-md-2 gutters-col-v-2\">\n          <!---->\n          <div class=\"h-column h-column-container d-flex h-col-lg-auto h-col-md-auto h-col-auto style-2611-outer style-local-1162-c79-outer\">\n            <div data-colibri-id=\"1162-c79\" class=\"d-flex h-flex-basis h-column__inner h-px-lg-2 h-px-md-2 h-px-2 v-inner-lg-2 v-inner-md-2 v-inner-2 style-2611 style-local-1162-c79 position-relative\">\n              <!---->\n              <!---->\n              <div class=\"w-100 h-y-container h-column__content h-column__v-align flex-basis-100 align-self-lg-start align-self-md-start align-self-start\">\n                <!---->\n                <div data-colibri-id=\"1162-c85\" class=\"d-block style-2617 style-local-1162-c85 position-relative h-element\">\n                  <!---->\n                  <div class=\"h-image__frame-container-outer\">\n                    <div class=\"h-image__frame-container\">\n                      <!---->\n                      <!---->\n                      <img loading=\"lazy\" decoding=\"async\" width=\"1605\" height=\"1747\" src=\"https:\/\/omusica.fr\/wp-content\/uploads\/2025\/02\/concert-O-Musica-juin-2017.jpg\" class=\"wp-image-5639 style-2617-image style-local-1162-c85-image\" alt=\"concert O Musica juin 2017\" srcset=\"https:\/\/omusica.fr\/wp-content\/uploads\/2025\/02\/concert-O-Musica-juin-2017.jpg 1605w, https:\/\/omusica.fr\/wp-content\/uploads\/2025\/02\/concert-O-Musica-juin-2017-276x300.jpg 276w, https:\/\/omusica.fr\/wp-content\/uploads\/2025\/02\/concert-O-Musica-juin-2017-941x1024.jpg 941w, https:\/\/omusica.fr\/wp-content\/uploads\/2025\/02\/concert-O-Musica-juin-2017-768x836.jpg 768w, https:\/\/omusica.fr\/wp-content\/uploads\/2025\/02\/concert-O-Musica-juin-2017-1411x1536.jpg 1411w\" sizes=\"auto, (max-width: 1605px) 100vw, 1605px\" \/>\n                      <div class=\"h-image__frame h-hide-lg h-hide-md h-hide-sm style-2617-frameImage style-local-1162-c85-frameImage\"><\/div>\n                    <\/div>\n                  <\/div>\n                <\/div>\n              <\/div>\n            <\/div>\n          <\/div>\n          <div class=\"h-column h-column-container d-flex h-col-lg-auto h-col-md-auto h-col-auto style-2612-outer style-local-1162-c80-outer\">\n            <div data-colibri-id=\"1162-c80\" class=\"d-flex h-flex-basis h-column__inner h-px-lg-2 h-px-md-2 h-px-2 v-inner-lg-2 v-inner-md-2 v-inner-2 style-2612 style-local-1162-c80 position-relative\">\n              <!---->\n              <!---->\n              <div class=\"w-100 h-y-container h-column__content h-column__v-align flex-basis-100 align-self-lg-start align-self-md-start align-self-start\">\n                <!---->\n                <div data-colibri-id=\"1162-c86\" class=\"h-text h-text-component style-2618 style-local-1162-c86 position-relative h-element\">\n                  <!---->\n                  <!---->\n                  <div class=\"\">\n                    <p><strong style=\"color: rgb(23, 37, 42); font-family: Assistant; font-size: 20px;\">Annonce pour le concert Schubert et Puccini \u00e0 l&#8217;\u00e9glise Saint-Thibaut de Marly au Pecq le 17 juin 2017<br><\/strong><span style=\"color: rgb(23, 37, 42); font-family: Assistant; font-size: 20px; font-weight: 600;\">Article paru dans&nbsp;<\/span>\n                      <em\n                        style=\"color: rgb(23, 37, 42); font-family: Assistant; font-size: 20px; font-weight: 600;\">Le Pecq en Sc\u00e8ne<\/em><span style=\"color: rgb(23, 37, 42); font-family: Assistant; font-size: 20px; font-weight: 600;\">&nbsp;&#8211; 05\/2017<\/span><\/p>\n                  <\/div>\n                <\/div>\n              <\/div>\n            <\/div>\n          <\/div>\n        <\/div>\n      <\/div>\n    <\/div>\n  <\/div>\n  <div data-colibri-component=\"section\" data-colibri-id=\"1162-c81\" id=\"custom-10\" class=\"h-section h-section-global-spacing d-flex align-items-lg-center align-items-md-center align-items-center style-2613 style-local-1162-c81 position-relative\">\n    <!---->\n    <!---->\n    <div class=\"h-section-grid-container h-section-boxed-container\">\n      <!---->\n      <div data-colibri-id=\"1162-c89\" class=\"h-row-container gutters-row-lg-2 gutters-row-md-2 gutters-row-0 gutters-row-v-lg-2 gutters-row-v-md-2 gutters-row-v-2 style-2623 style-local-1162-c89 position-relative\">\n        <!---->\n        <div class=\"h-row justify-content-lg-center justify-content-md-center justify-content-center align-items-lg-stretch align-items-md-stretch align-items-stretch gutters-col-lg-2 gutters-col-md-2 gutters-col-0 gutters-col-v-lg-2 gutters-col-v-md-2 gutters-col-v-2\">\n          <!---->\n          <div class=\"h-column h-column-container d-flex h-col-lg-auto h-col-md-auto h-col-auto style-2624-outer style-local-1162-c90-outer\">\n            <div data-colibri-id=\"1162-c90\" class=\"d-flex h-flex-basis h-column__inner h-px-lg-2 h-px-md-2 h-px-2 v-inner-lg-2 v-inner-md-2 v-inner-2 style-2624 style-local-1162-c90 position-relative\">\n              <!---->\n              <!---->\n              <div class=\"w-100 h-y-container h-column__content h-column__v-align flex-basis-100 align-self-lg-start align-self-md-start align-self-start\">\n                <!---->\n                <div data-colibri-id=\"1162-c91\" class=\"h-divider style-2622 style-local-1162-c91 position-relative h-element\">\n                  <!----><span class=\"h-divider__line style-2622-line style-local-1162-c91-line style-2622-line style-local-1162-c91-line\"><\/span><\/div>\n              <\/div>\n            <\/div>\n          <\/div>\n        <\/div>\n      <\/div>\n      <div data-colibri-id=\"1162-c82\" class=\"h-row-container gutters-row-lg-2 gutters-row-md-2 gutters-row-0 gutters-row-v-lg-2 gutters-row-v-md-2 gutters-row-v-2 style-2614 style-local-1162-c82 position-relative\">\n        <!---->\n        <div class=\"h-row justify-content-lg-center justify-content-md-center justify-content-center align-items-lg-stretch align-items-md-stretch align-items-stretch gutters-col-lg-2 gutters-col-md-2 gutters-col-0 gutters-col-v-lg-2 gutters-col-v-md-2 gutters-col-v-2\">\n          <!---->\n          <div class=\"h-column h-column-container d-flex h-col-lg-auto h-col-md-auto h-col-auto style-2615-outer style-local-1162-c83-outer\">\n            <div data-colibri-id=\"1162-c83\" class=\"d-flex h-flex-basis h-column__inner h-px-lg-2 h-px-md-2 h-px-2 v-inner-lg-2 v-inner-md-2 v-inner-2 style-2615 style-local-1162-c83 position-relative\">\n              <!---->\n              <!---->\n              <div class=\"w-100 h-y-container h-column__content h-column__v-align flex-basis-100 align-self-lg-start align-self-md-start align-self-start\">\n                <!---->\n                <div data-colibri-id=\"1162-c87\" class=\"d-block style-2619 style-local-1162-c87 position-relative h-element\">\n                  <!---->\n                  <div class=\"h-image__frame-container-outer\">\n                    <div class=\"h-image__frame-container\">\n                      <!---->\n                      <!---->\n                      <img loading=\"lazy\" decoding=\"async\" width=\"1143\" height=\"1727\" src=\"https:\/\/omusica.fr\/wp-content\/uploads\/2025\/02\/concert-O-Musica-octobre-2016.jpg\" class=\"wp-image-5640 style-2619-image style-local-1162-c87-image\" alt=\"concert O Musica octobre 2016\" srcset=\"https:\/\/omusica.fr\/wp-content\/uploads\/2025\/02\/concert-O-Musica-octobre-2016.jpg 1143w, https:\/\/omusica.fr\/wp-content\/uploads\/2025\/02\/concert-O-Musica-octobre-2016-199x300.jpg 199w, https:\/\/omusica.fr\/wp-content\/uploads\/2025\/02\/concert-O-Musica-octobre-2016-678x1024.jpg 678w, https:\/\/omusica.fr\/wp-content\/uploads\/2025\/02\/concert-O-Musica-octobre-2016-768x1160.jpg 768w, https:\/\/omusica.fr\/wp-content\/uploads\/2025\/02\/concert-O-Musica-octobre-2016-1017x1536.jpg 1017w\" sizes=\"auto, (max-width: 1143px) 100vw, 1143px\" \/>\n                      <div class=\"h-image__frame h-hide-lg h-hide-md h-hide-sm style-2619-frameImage style-local-1162-c87-frameImage\"><\/div>\n                    <\/div>\n                  <\/div>\n                <\/div>\n              <\/div>\n            <\/div>\n          <\/div>\n          <div class=\"h-column h-column-container d-flex h-col-lg-auto h-col-md-auto h-col-auto style-2616-outer style-local-1162-c84-outer\">\n            <div data-colibri-id=\"1162-c84\" class=\"d-flex h-flex-basis h-column__inner h-px-lg-2 h-px-md-2 h-px-2 v-inner-lg-2 v-inner-md-2 v-inner-2 style-2616 style-local-1162-c84 position-relative\">\n              <!---->\n              <!---->\n              <div class=\"w-100 h-y-container h-column__content h-column__v-align flex-basis-100 align-self-lg-start align-self-md-start align-self-start\">\n                <!---->\n                <div data-colibri-id=\"1162-c88\" class=\"h-text h-text-component style-2620 style-local-1162-c88 position-relative h-element\">\n                  <!---->\n                  <!---->\n                  <div class=\"\">\n                    <p><strong style=\"color: rgb(23, 37, 42); font-family: Assistant; font-size: 20px;\">Annonce pour le concert Vivaldi \u00e0 l&#8217;\u00e9glise Saint-Thibaut de Marly au Pecq le 16 octobre 2016<br><\/strong><span style=\"color: rgb(23, 37, 42); font-family: Assistant; font-size: 20px; font-weight: 600;\">Article paru dans&nbsp;<\/span>\n                      <em\n                        style=\"color: rgb(23, 37, 42); font-family: Assistant; font-size: 20px; font-weight: 600;\">Le Pecq en Sc\u00e8ne<\/em><span style=\"color: rgb(23, 37, 42); font-family: Assistant; font-size: 20px; font-weight: 600;\">&nbsp;&#8211; 10\/2016<\/span><\/p>\n                  <\/div>\n                <\/div>\n              <\/div>\n            <\/div>\n          <\/div>\n        <\/div>\n      <\/div>\n      <div data-colibri-id=\"1162-c92\" class=\"h-row-container gutters-row-lg-2 gutters-row-md-2 gutters-row-0 gutters-row-v-lg-2 gutters-row-v-md-2 gutters-row-v-2 style-2627 style-local-1162-c92 position-relative\">\n        <!---->\n        <div class=\"h-row justify-content-lg-center justify-content-md-center justify-content-center align-items-lg-stretch align-items-md-stretch align-items-stretch gutters-col-lg-2 gutters-col-md-2 gutters-col-0 gutters-col-v-lg-2 gutters-col-v-md-2 gutters-col-v-2\">\n          <!---->\n          <div class=\"h-column h-column-container d-flex h-col-lg-auto h-col-md-auto h-col-auto style-2628-outer style-local-1162-c93-outer\">\n            <div data-colibri-id=\"1162-c93\" class=\"d-flex h-flex-basis h-column__inner h-px-lg-2 h-px-md-2 h-px-2 v-inner-lg-2 v-inner-md-2 v-inner-2 style-2628 style-local-1162-c93 position-relative\">\n              <!---->\n              <!---->\n              <div class=\"w-100 h-y-container h-column__content h-column__v-align flex-basis-100 align-self-lg-start align-self-md-start align-self-start\">\n                <!---->\n                <div data-colibri-id=\"1162-c94\" class=\"h-divider style-2626 style-local-1162-c94 position-relative h-element\">\n                  <!----><span class=\"h-divider__line style-2626-line style-local-1162-c94-line style-2626-line style-local-1162-c94-line\"><\/span><\/div>\n              <\/div>\n            <\/div>\n          <\/div>\n        <\/div>\n      <\/div>\n    <\/div>\n  <\/div>\n  <div data-colibri-component=\"section\" data-colibri-id=\"1162-c31\" id=\"custom-6\" class=\"h-section h-section-global-spacing d-flex align-items-lg-center align-items-md-center align-items-center style-2544 style-local-1162-c31 position-relative\">\n    <!---->\n    <!---->\n    <div class=\"h-section-grid-container h-section-boxed-container\">\n      <!---->\n      <div data-colibri-id=\"1162-c32\" class=\"h-row-container gutters-row-lg-2 gutters-row-md-2 gutters-row-0 gutters-row-v-lg-2 gutters-row-v-md-2 gutters-row-v-2 style-2545 style-local-1162-c32 position-relative\">\n        <!---->\n        <div class=\"h-row justify-content-lg-center justify-content-md-center justify-content-center align-items-lg-stretch align-items-md-stretch align-items-stretch gutters-col-lg-2 gutters-col-md-2 gutters-col-0 gutters-col-v-lg-2 gutters-col-v-md-2 gutters-col-v-2\">\n          <!---->\n          <div class=\"h-column h-column-container d-flex h-col-lg-auto h-col-md-auto h-col-auto style-2546-outer style-local-1162-c33-outer\">\n            <div data-colibri-id=\"1162-c33\" class=\"d-flex h-flex-basis h-column__inner h-px-lg-2 h-px-md-2 h-px-2 v-inner-lg-2 v-inner-md-2 v-inner-2 style-2546 style-local-1162-c33 position-relative\">\n              <!---->\n              <!---->\n              <div class=\"w-100 h-y-container h-column__content h-column__v-align flex-basis-100 align-self-lg-start align-self-md-start align-self-start\">\n                <!---->\n                <div data-colibri-id=\"1162-c34\" class=\"d-block style-2548 style-local-1162-c34 position-relative h-element\">\n                  <!---->\n                  <div class=\"h-image__frame-container-outer\">\n                    <div class=\"h-image__frame-container\">\n                      <!---->\n                      <!---->\n                      <img loading=\"lazy\" decoding=\"async\" width=\"1218\" height=\"607\" src=\"https:\/\/omusica.fr\/wp-content\/uploads\/2025\/01\/2014-12-article-Le-Pecq-en-scene.jpg\" class=\"wp-image-5581 style-2548-image style-local-1162-c34-image\" alt=\"2014-12 article Le Pecq en sc\u00e8ne Les Saisons Haydn O Musica\" srcset=\"https:\/\/omusica.fr\/wp-content\/uploads\/2025\/01\/2014-12-article-Le-Pecq-en-scene.jpg 1218w, https:\/\/omusica.fr\/wp-content\/uploads\/2025\/01\/2014-12-article-Le-Pecq-en-scene-300x150.jpg 300w, https:\/\/omusica.fr\/wp-content\/uploads\/2025\/01\/2014-12-article-Le-Pecq-en-scene-1024x510.jpg 1024w, https:\/\/omusica.fr\/wp-content\/uploads\/2025\/01\/2014-12-article-Le-Pecq-en-scene-768x383.jpg 768w\" sizes=\"auto, (max-width: 1218px) 100vw, 1218px\" \/>\n                      <div class=\"h-image__frame h-hide-lg h-hide-md h-hide-sm style-2548-frameImage style-local-1162-c34-frameImage\"><\/div>\n                    <\/div>\n                  <\/div>\n                <\/div>\n              <\/div>\n            <\/div>\n          <\/div>\n          <div class=\"h-column h-column-container d-flex h-col-lg-auto h-col-md-auto h-col-auto style-2547-outer style-local-1162-c35-outer\">\n            <div data-colibri-id=\"1162-c35\" class=\"d-flex h-flex-basis h-column__inner h-px-lg-2 h-px-md-2 h-px-2 v-inner-lg-2 v-inner-md-2 v-inner-2 style-2547 style-local-1162-c35 position-relative\">\n              <!---->\n              <!---->\n              <div class=\"w-100 h-y-container h-column__content h-column__v-align flex-basis-100 align-self-lg-start align-self-md-start align-self-start\">\n                <!---->\n                <div data-colibri-id=\"1162-c36\" class=\"h-text h-text-component style-2549 style-local-1162-c36 position-relative h-element\">\n                  <!---->\n                  <!---->\n                  <div class=\"\">\n                    <p><strong>Sur le concert des Saisons de Haydn donn\u00e9 \u00e0 l&#8217;\u00e9glise Saint-Thibaut de Marly au Pecq<br><\/strong>Article paru dans&nbsp;<em>Le Pecq en Sc\u00e8ne<\/em>&nbsp;&#8211; 12\/2014<\/p>\n                    <p>\n                      <br>\n                    <\/p>\n                  <\/div>\n                <\/div>\n              <\/div>\n            <\/div>\n          <\/div>\n        <\/div>\n      <\/div>\n      <div data-colibri-id=\"1162-c37\" class=\"h-row-container gutters-row-lg-2 gutters-row-md-2 gutters-row-0 gutters-row-v-lg-2 gutters-row-v-md-2 gutters-row-v-2 style-2583 style-local-1162-c37 position-relative\">\n        <!---->\n        <div class=\"h-row justify-content-lg-center justify-content-md-center justify-content-center align-items-lg-stretch align-items-md-stretch align-items-stretch gutters-col-lg-2 gutters-col-md-2 gutters-col-0 gutters-col-v-lg-2 gutters-col-v-md-2 gutters-col-v-2\">\n          <!---->\n          <div class=\"h-column h-column-container d-flex h-col-lg-auto h-col-md-auto h-col-auto style-2584-outer style-local-1162-c38-outer\">\n            <div data-colibri-id=\"1162-c38\" class=\"d-flex h-flex-basis h-column__inner h-px-lg-2 h-px-md-2 h-px-2 v-inner-lg-2 v-inner-md-2 v-inner-2 style-2584 style-local-1162-c38 position-relative\">\n              <!---->\n              <!---->\n              <div class=\"w-100 h-y-container h-column__content h-column__v-align flex-basis-100 align-self-lg-start align-self-md-start align-self-start\">\n                <!---->\n                <div data-colibri-id=\"1162-c39\" class=\"h-divider style-2582 style-local-1162-c39 position-relative h-element\">\n                  <!----><span class=\"h-divider__line style-2582-line style-local-1162-c39-line style-2582-line style-local-1162-c39-line\"><\/span><\/div>\n              <\/div>\n            <\/div>\n          <\/div>\n        <\/div>\n      <\/div>\n    <\/div>\n  <\/div>\n  <div data-colibri-component=\"section\" data-colibri-id=\"1162-c40\" id=\"custom-4\" class=\"h-section h-section-global-spacing d-flex align-items-lg-center align-items-md-center align-items-center style-1748 style-local-1162-c40 position-relative\">\n    <!---->\n    <!---->\n    <div class=\"h-section-grid-container h-section-boxed-container\">\n      <!---->\n      <div data-colibri-id=\"1162-c41\" class=\"h-row-container gutters-row-lg-2 gutters-row-md-2 gutters-row-0 gutters-row-v-lg-2 gutters-row-v-md-2 gutters-row-v-2 style-1749 style-local-1162-c41 position-relative\">\n        <!---->\n        <div class=\"h-row justify-content-lg-center justify-content-md-center justify-content-center align-items-lg-stretch align-items-md-stretch align-items-stretch gutters-col-lg-2 gutters-col-md-2 gutters-col-0 gutters-col-v-lg-2 gutters-col-v-md-2 gutters-col-v-2\">\n          <!---->\n          <div class=\"h-column h-column-container d-flex h-col-lg-auto h-col-md-auto h-col-auto style-1750-outer style-local-1162-c42-outer\">\n            <div data-colibri-id=\"1162-c42\" class=\"d-flex h-flex-basis h-column__inner h-px-lg-2 h-px-md-2 h-px-2 v-inner-lg-2 v-inner-md-2 v-inner-2 style-1750 style-local-1162-c42 position-relative\">\n              <!---->\n              <!---->\n              <div class=\"w-100 h-y-container h-column__content h-column__v-align flex-basis-100 align-self-lg-start align-self-md-start align-self-start\">\n                <!---->\n                <div data-colibri-id=\"1162-c43\" class=\"d-block style-1752 style-local-1162-c43 position-relative h-element\">\n                  <!---->\n                  <div class=\"h-image__frame-container-outer\">\n                    <div class=\"h-image__frame-container\">\n                      <!---->\n                      <!---->\n                      <img loading=\"lazy\" decoding=\"async\" width=\"1910\" height=\"1378\" src=\"https:\/\/omusica.fr\/wp-content\/uploads\/2022\/12\/Article-O-Musica-Le-Pecq-en-scene-2014-Offenbach.jpg\" class=\"wp-image-2986 style-1752-image style-local-1162-c43-image\" alt=\"Article O Musica Le Pecq en sc\u00e8ne 2014 Offenbach\" srcset=\"https:\/\/omusica.fr\/wp-content\/uploads\/2022\/12\/Article-O-Musica-Le-Pecq-en-scene-2014-Offenbach.jpg 1910w, https:\/\/omusica.fr\/wp-content\/uploads\/2022\/12\/Article-O-Musica-Le-Pecq-en-scene-2014-Offenbach-300x216.jpg 300w, https:\/\/omusica.fr\/wp-content\/uploads\/2022\/12\/Article-O-Musica-Le-Pecq-en-scene-2014-Offenbach-1024x739.jpg 1024w, https:\/\/omusica.fr\/wp-content\/uploads\/2022\/12\/Article-O-Musica-Le-Pecq-en-scene-2014-Offenbach-768x554.jpg 768w, https:\/\/omusica.fr\/wp-content\/uploads\/2022\/12\/Article-O-Musica-Le-Pecq-en-scene-2014-Offenbach-1536x1108.jpg 1536w\" sizes=\"auto, (max-width: 1910px) 100vw, 1910px\" \/>\n                      <div class=\"h-image__frame h-hide-lg h-hide-md h-hide-sm style-1752-frameImage style-local-1162-c43-frameImage\"><\/div>\n                    <\/div>\n                  <\/div>\n                <\/div>\n              <\/div>\n            <\/div>\n          <\/div>\n          <div class=\"h-column h-column-container d-flex h-col-lg-auto h-col-md-auto h-col-auto style-1751-outer style-local-1162-c44-outer\">\n            <div data-colibri-id=\"1162-c44\" class=\"d-flex h-flex-basis h-column__inner h-px-lg-2 h-px-md-2 h-px-2 v-inner-lg-2 v-inner-md-2 v-inner-2 style-1751 style-local-1162-c44 position-relative\">\n              <!---->\n              <!---->\n              <div class=\"w-100 h-y-container h-column__content h-column__v-align flex-basis-100 align-self-lg-start align-self-md-start align-self-start\">\n                <!---->\n                <div data-colibri-id=\"1162-c45\" class=\"h-text h-text-component style-1753 style-local-1162-c45 position-relative h-element\">\n                  <!---->\n                  <!---->\n                  <div class=\"\">\n                    <p><strong>Sur le concert de La Vie parisienne de Jacques Offenbach au Pecq<br><\/strong>Article paru dans&nbsp;<em>Le Pecq en Sc\u00e8ne<\/em>&nbsp;&#8211; 02\/2014<\/p>\n                    <p>Un concert donn\u00e9 le 17 d\u00e9cembre 2013 \u00e0 la salle des F\u00eates du Pecq, dirig\u00e9 par Pascal Bezard, mis en sc\u00e8ne par Sophie Jolis, avec les solistes Nicolas Rether (t\u00e9nor), Guillaume Neel (bayrton) et C\u00e9cile Coulomb (soprano).&nbsp;<\/p>\n                    <p>\n                      <br>\n                    <\/p>\n                    <p>\n                      <br>\n                    <\/p>\n                  <\/div>\n                <\/div>\n              <\/div>\n            <\/div>\n          <\/div>\n        <\/div>\n      <\/div>\n      <div data-colibri-id=\"1162-c46\" class=\"h-row-container gutters-row-lg-2 gutters-row-md-2 gutters-row-0 gutters-row-v-lg-2 gutters-row-v-md-2 gutters-row-v-2 style-1754 style-local-1162-c46 position-relative\">\n        <!---->\n        <div class=\"h-row justify-content-lg-center justify-content-md-center justify-content-center align-items-lg-stretch align-items-md-stretch align-items-stretch gutters-col-lg-2 gutters-col-md-2 gutters-col-0 gutters-col-v-lg-2 gutters-col-v-md-2 gutters-col-v-2\">\n          <!---->\n          <div class=\"h-column h-column-container d-flex h-col-lg-auto h-col-md-auto h-col-auto style-1755-outer style-local-1162-c47-outer\">\n            <div data-colibri-id=\"1162-c47\" class=\"d-flex h-flex-basis h-column__inner h-px-lg-2 h-px-md-2 h-px-2 v-inner-lg-2 v-inner-md-2 v-inner-2 style-1755 style-local-1162-c47 position-relative\">\n              <!---->\n              <!---->\n              <div class=\"w-100 h-y-container h-column__content h-column__v-align flex-basis-100 align-self-lg-start align-self-md-start align-self-start\">\n                <!---->\n                <div data-colibri-id=\"1162-c48\" class=\"h-divider style-1495 style-local-1162-c48 position-relative h-element\">\n                  <!----><span class=\"h-divider__line style-1495-line style-local-1162-c48-line style-1495-line style-local-1162-c48-line\"><\/span><\/div>\n              <\/div>\n            <\/div>\n          <\/div>\n        <\/div>\n      <\/div>\n    <\/div>\n  <\/div>\n  <div data-colibri-component=\"section\" data-colibri-id=\"1162-c49\" id=\"custom-2\" class=\"h-section h-section-global-spacing d-flex align-items-lg-center align-items-md-center align-items-center style-2532 style-local-1162-c49 position-relative\">\n    <!---->\n    <!---->\n    <div class=\"h-section-grid-container h-section-boxed-container\">\n      <!---->\n      <div data-colibri-id=\"1162-c50\" class=\"h-row-container gutters-row-lg-2 gutters-row-md-2 gutters-row-0 gutters-row-v-lg-2 gutters-row-v-md-2 gutters-row-v-2 style-2533 style-local-1162-c50 position-relative\">\n        <!---->\n        <div class=\"h-row justify-content-lg-center justify-content-md-center justify-content-center align-items-lg-stretch align-items-md-stretch align-items-stretch gutters-col-lg-2 gutters-col-md-2 gutters-col-0 gutters-col-v-lg-2 gutters-col-v-md-2 gutters-col-v-2\">\n          <!---->\n          <div class=\"h-column h-column-container d-flex h-col-lg-auto h-col-md-auto h-col-auto style-2534-outer style-local-1162-c51-outer\">\n            <div data-colibri-id=\"1162-c51\" class=\"d-flex h-flex-basis h-column__inner h-px-lg-2 h-px-md-2 h-px-2 v-inner-lg-2 v-inner-md-2 v-inner-2 style-2534 style-local-1162-c51 position-relative\">\n              <!---->\n              <!---->\n              <div class=\"w-100 h-y-container h-column__content h-column__v-align flex-basis-100 align-self-lg-start align-self-md-start align-self-start\">\n                <!---->\n                <div data-colibri-id=\"1162-c52\" class=\"d-block style-2542 style-local-1162-c52 position-relative h-element\">\n                  <!---->\n                  <div class=\"h-image__frame-container-outer\">\n                    <div class=\"h-image__frame-container\">\n                      <!---->\n                      <!---->\n                      <img loading=\"lazy\" decoding=\"async\" width=\"1936\" height=\"1033\" src=\"https:\/\/omusica.fr\/wp-content\/uploads\/2025\/01\/2013-11-article-Offenbach-Le-Pecq-en-scene.jpg\" class=\"wp-image-5580 style-2542-image style-local-1162-c52-image\" alt=\"2013-11 article Offenbach Le Pecq en sc\u00e8ne O Musica\" srcset=\"https:\/\/omusica.fr\/wp-content\/uploads\/2025\/01\/2013-11-article-Offenbach-Le-Pecq-en-scene.jpg 1936w, https:\/\/omusica.fr\/wp-content\/uploads\/2025\/01\/2013-11-article-Offenbach-Le-Pecq-en-scene-300x160.jpg 300w, https:\/\/omusica.fr\/wp-content\/uploads\/2025\/01\/2013-11-article-Offenbach-Le-Pecq-en-scene-1024x546.jpg 1024w, https:\/\/omusica.fr\/wp-content\/uploads\/2025\/01\/2013-11-article-Offenbach-Le-Pecq-en-scene-768x410.jpg 768w, https:\/\/omusica.fr\/wp-content\/uploads\/2025\/01\/2013-11-article-Offenbach-Le-Pecq-en-scene-1536x820.jpg 1536w\" sizes=\"auto, (max-width: 1936px) 100vw, 1936px\" \/>\n                      <div class=\"h-image__frame h-hide-lg h-hide-md h-hide-sm style-2542-frameImage style-local-1162-c52-frameImage\"><\/div>\n                    <\/div>\n                  <\/div>\n                <\/div>\n              <\/div>\n            <\/div>\n          <\/div>\n          <div class=\"h-column h-column-container d-flex h-col-lg-auto h-col-md-auto h-col-auto style-2535-outer style-local-1162-c53-outer\">\n            <div data-colibri-id=\"1162-c53\" class=\"d-flex h-flex-basis h-column__inner h-px-lg-2 h-px-md-2 h-px-2 v-inner-lg-2 v-inner-md-2 v-inner-2 style-2535 style-local-1162-c53 position-relative\">\n              <!---->\n              <!---->\n              <div class=\"w-100 h-y-container h-column__content h-column__v-align flex-basis-100 align-self-lg-start align-self-md-start align-self-start\">\n                <!---->\n                <div data-colibri-id=\"1162-c54\" class=\"h-text h-text-component style-2543 style-local-1162-c54 position-relative h-element\">\n                  <!---->\n                  <!---->\n                  <div class=\"\">\n                    <p><strong style=\"font-size: 20px; font-family: Assistant; color: rgb(9, 33, 42);\">Sur le concert de La Vie parisienne de Jacques Offenbach<br> <\/strong><span style=\"font-size: 20px; font-family: Assistant; color: rgb(9, 33, 42);\">Article paru dans&nbsp;<\/span>\n                      <em\n                        style=\"font-size: 20px; font-family: Assistant; color: rgb(9, 33, 42);\">Le Pecq en Sc\u00e8ne<\/em><span style=\"font-size: 20px; font-family: Assistant; color: rgb(9, 33, 42);\">&nbsp;&#8211; 12\/2013<\/span><\/p>\n                  <\/div>\n                <\/div>\n              <\/div>\n            <\/div>\n          <\/div>\n        <\/div>\n      <\/div>\n      <div data-colibri-id=\"1162-c55\" class=\"h-row-container gutters-row-lg-2 gutters-row-md-2 gutters-row-0 gutters-row-v-lg-2 gutters-row-v-md-2 gutters-row-v-2 style-2587 style-local-1162-c55 position-relative\">\n        <!---->\n        <div class=\"h-row justify-content-lg-center justify-content-md-center justify-content-center align-items-lg-stretch align-items-md-stretch align-items-stretch gutters-col-lg-2 gutters-col-md-2 gutters-col-0 gutters-col-v-lg-2 gutters-col-v-md-2 gutters-col-v-2\">\n          <!---->\n          <div class=\"h-column h-column-container d-flex h-col-lg-auto h-col-md-auto h-col-auto style-2588-outer style-local-1162-c56-outer\">\n            <div data-colibri-id=\"1162-c56\" class=\"d-flex h-flex-basis h-column__inner h-px-lg-2 h-px-md-2 h-px-2 v-inner-lg-2 v-inner-md-2 v-inner-2 style-2588 style-local-1162-c56 position-relative\">\n              <!---->\n              <!---->\n              <div class=\"w-100 h-y-container h-column__content h-column__v-align flex-basis-100 align-self-lg-start align-self-md-start align-self-start\">\n                <!---->\n                <div data-colibri-id=\"1162-c57\" class=\"h-divider style-2586 style-local-1162-c57 position-relative h-element\">\n                  <!----><span class=\"h-divider__line style-2586-line style-local-1162-c57-line style-2586-line style-local-1162-c57-line\"><\/span><\/div>\n              <\/div>\n            <\/div>\n          <\/div>\n        <\/div>\n      <\/div>\n    <\/div>\n  <\/div>\n  <div data-colibri-component=\"section\" data-colibri-id=\"1162-c58\" id=\"custom-3\" class=\"h-section h-section-global-spacing d-flex align-items-lg-center align-items-md-center align-items-center style-2536 style-local-1162-c58 position-relative\">\n    <!---->\n    <!---->\n    <div class=\"h-section-grid-container h-section-boxed-container\">\n      <!---->\n      <div data-colibri-id=\"1162-c59\" class=\"h-row-container gutters-row-lg-2 gutters-row-md-2 gutters-row-0 gutters-row-v-lg-2 gutters-row-v-md-2 gutters-row-v-2 style-2537 style-local-1162-c59 position-relative\">\n        <!---->\n        <div class=\"h-row justify-content-lg-center justify-content-md-center justify-content-center align-items-lg-stretch align-items-md-stretch align-items-stretch gutters-col-lg-2 gutters-col-md-2 gutters-col-0 gutters-col-v-lg-2 gutters-col-v-md-2 gutters-col-v-2\">\n          <!---->\n          <div class=\"h-column h-column-container d-flex h-col-lg-auto h-col-md-auto h-col-auto style-2538-outer style-local-1162-c60-outer\">\n            <div data-colibri-id=\"1162-c60\" class=\"d-flex h-flex-basis h-column__inner h-px-lg-2 h-px-md-2 h-px-2 v-inner-lg-2 v-inner-md-2 v-inner-2 style-2538 style-local-1162-c60 position-relative\">\n              <!---->\n              <!---->\n              <div class=\"w-100 h-y-container h-column__content h-column__v-align flex-basis-100 align-self-lg-start align-self-md-start align-self-start\">\n                <!---->\n                <div data-colibri-id=\"1162-c61\" class=\"d-block style-2540 style-local-1162-c61 position-relative h-element\">\n                  <!---->\n                  <div class=\"h-image__frame-container-outer\">\n                    <div class=\"h-image__frame-container\">\n                      <!---->\n                      <!---->\n                      <img decoding=\"async\" src=\"https:\/\/omusica.fr\/wp-content\/uploads\/2025\/01\/2013-06-Article-LePecq-en-scene-480x1024.jpg\" class=\"style-2540-image style-local-1162-c61-image\">\n                      <div class=\"h-image__frame h-hide-lg h-hide-md h-hide-sm style-2540-frameImage style-local-1162-c61-frameImage\"><\/div>\n                    <\/div>\n                  <\/div>\n                <\/div>\n              <\/div>\n            <\/div>\n          <\/div>\n          <div class=\"h-column h-column-container d-flex h-col-lg-auto h-col-md-auto h-col-auto style-2539-outer style-local-1162-c62-outer\">\n            <div data-colibri-id=\"1162-c62\" class=\"d-flex h-flex-basis h-column__inner h-px-lg-2 h-px-md-2 h-px-2 v-inner-lg-2 v-inner-md-2 v-inner-2 style-2539 style-local-1162-c62 position-relative\">\n              <!---->\n              <!---->\n              <div class=\"w-100 h-y-container h-column__content h-column__v-align flex-basis-100 align-self-lg-start align-self-md-start align-self-start\">\n                <!---->\n                <div data-colibri-id=\"1162-c63\" class=\"h-text h-text-component style-2541 style-local-1162-c63 position-relative h-element\">\n                  <!---->\n                  <!---->\n                  <div class=\"\">\n                    <p><strong>Sur le concert &#8220;Si l&#8217;op\u00e9ra m&#8217;\u00e9tait cont\u00e9&#8221;<br><\/strong>Article paru dans&nbsp;<em>Le Pecq en Sc\u00e8ne<\/em>&nbsp;&#8211; 05\/2013<\/p>\n                    <p>\n                      <br>\n                    <\/p>\n                  <\/div>\n                <\/div>\n              <\/div>\n            <\/div>\n          <\/div>\n        <\/div>\n      <\/div>\n    <\/div>\n  <\/div>\n  <div data-colibri-component=\"section\" data-colibri-id=\"1162-c64\" id=\"custom-5\" class=\"h-section h-section-global-spacing d-flex align-items-lg-center align-items-md-center align-items-center style-1756 style-local-1162-c64 position-relative\">\n    <!---->\n    <!---->\n    <div class=\"h-section-grid-container h-section-boxed-container\">\n      <!---->\n      <div data-colibri-id=\"1162-c65\" class=\"h-row-container gutters-row-lg-2 gutters-row-md-2 gutters-row-0 gutters-row-v-lg-2 gutters-row-v-md-2 gutters-row-v-2 style-2591 style-local-1162-c65 position-relative\">\n        <!---->\n        <div class=\"h-row justify-content-lg-center justify-content-md-center justify-content-center align-items-lg-stretch align-items-md-stretch align-items-stretch gutters-col-lg-2 gutters-col-md-2 gutters-col-0 gutters-col-v-lg-2 gutters-col-v-md-2 gutters-col-v-2\">\n          <!---->\n          <div class=\"h-column h-column-container d-flex h-col-lg-auto h-col-md-auto h-col-auto style-2592-outer style-local-1162-c66-outer\">\n            <div data-colibri-id=\"1162-c66\" class=\"d-flex h-flex-basis h-column__inner h-px-lg-2 h-px-md-2 h-px-2 v-inner-lg-2 v-inner-md-2 v-inner-2 style-2592 style-local-1162-c66 position-relative\">\n              <!---->\n              <!---->\n              <div class=\"w-100 h-y-container h-column__content h-column__v-align flex-basis-100 align-self-lg-start align-self-md-start align-self-start\">\n                <!---->\n                <div data-colibri-id=\"1162-c67\" class=\"h-divider style-2590 style-local-1162-c67 position-relative h-element\">\n                  <!----><span class=\"h-divider__line style-2590-line style-local-1162-c67-line style-2590-line style-local-1162-c67-line\"><\/span><\/div>\n              <\/div>\n            <\/div>\n          <\/div>\n        <\/div>\n      <\/div>\n      <div data-colibri-id=\"1162-c68\" class=\"h-row-container gutters-row-lg-2 gutters-row-md-2 gutters-row-0 gutters-row-v-lg-2 gutters-row-v-md-2 gutters-row-v-2 style-1757 style-local-1162-c68 position-relative\">\n        <!---->\n        <div class=\"h-row justify-content-lg-center justify-content-md-center justify-content-center align-items-lg-stretch align-items-md-stretch align-items-stretch gutters-col-lg-2 gutters-col-md-2 gutters-col-0 gutters-col-v-lg-2 gutters-col-v-md-2 gutters-col-v-2\">\n          <!---->\n          <div class=\"h-column h-column-container d-flex h-col-lg-auto h-col-md-auto h-col-auto style-1758-outer style-local-1162-c69-outer\">\n            <div data-colibri-id=\"1162-c69\" class=\"d-flex h-flex-basis h-column__inner h-px-lg-2 h-px-md-2 h-px-2 v-inner-lg-2 v-inner-md-2 v-inner-2 style-1758 style-local-1162-c69 position-relative\">\n              <!---->\n              <!---->\n              <div class=\"w-100 h-y-container h-column__content h-column__v-align flex-basis-100 align-self-lg-start align-self-md-start align-self-start\">\n                <!---->\n                <div data-colibri-id=\"1162-c70\" class=\"d-block style-2408 style-local-1162-c70 position-relative h-element\">\n                  <!---->\n                  <div class=\"h-image__frame-container-outer\">\n                    <div class=\"h-image__frame-container\">\n                      <!---->\n                      <!---->\n                      <img loading=\"lazy\" decoding=\"async\" width=\"300\" height=\"100\" src=\"https:\/\/omusica.fr\/wp-content\/uploads\/2024\/08\/1.png\" class=\"wp-image-5104 style-2408-image style-local-1162-c70-image\" alt=\"logo le Pecq\" \/>\n                      <div class=\"h-image__frame h-hide-lg h-hide-md h-hide-sm style-2408-frameImage style-local-1162-c70-frameImage\"><\/div>\n                    <\/div>\n                  <\/div>\n                <\/div>\n              <\/div>\n            <\/div>\n          <\/div>\n          <div class=\"h-column h-column-container d-flex h-col-lg-auto h-col-md-auto h-col-auto style-1759-outer style-local-1162-c71-outer\">\n            <div data-colibri-id=\"1162-c71\" class=\"d-flex h-flex-basis h-column__inner h-px-lg-2 h-px-md-2 h-px-2 v-inner-lg-2 v-inner-md-2 v-inner-2 style-1759 style-local-1162-c71 position-relative\">\n              <!---->\n              <!---->\n              <div class=\"w-100 h-y-container h-column__content h-column__v-align flex-basis-100 align-self-lg-start align-self-md-start align-self-start\">\n                <!---->\n                <div data-colibri-id=\"1162-c72\" class=\"h-text h-text-component style-1472 style-local-1162-c72 position-relative h-element\">\n                  <!---->\n                  <!---->\n                  <div class=\"\">\n                    <p><strong>Sur le concert de King Arthur de Purcell&nbsp;<br><\/strong>Article paru dans <em>Le Pecq en Sc\u00e8ne<\/em> &#8211; 04\/2007<\/p>\n                    <p>Pour chanter les cinq actes de l&#8217;op\u00e9ra, les cent choristes, adultes, enfants et jeunes de l&#8217;Ensemble Vocal O Musica du V\u00e9sinet, parmi lesquels une bonne trentaine d&#8217;Alpicois, travaillent l&#8217;\u0153uvre depuis un an avec leur directeur musical\n                      Pascal Bezard.&nbsp;Ils seront accompagn\u00e9s par l&#8217;orchestre des &#8220;Musiciens de la Boucle de la Seine&#8221; constitu\u00e9 de musiciens professionnels dont l&#8217;ossature est assur\u00e9e par des professeurs du Conservatoire du V\u00e9sinet.<\/p>\n                    <p>Cinq solistes de grand talent, \u00e9galement professionnels, compl\u00e8teront la distribution. Parmi eux, deux ont fait partie des Arts Florissants, le c\u00e9l\u00e8bre ensemble baroque de William Christie: Kareen Durand, soprano, et Vincent Darras,\n                      contre-t\u00e9nor, ont tous deux une discographie impressionnante et se sont produits sur les plus grandes sc\u00e8nes internationales.<\/p>\n                    <p>Laurent Bourdeaux, basse, est \u00e9galement un habitu\u00e9 des sc\u00e8nes lyriques europ\u00e9ennes. Eric Gervais, t\u00e9nor, est un des piliers de l&#8217;ensemble Magnus Liber que l&#8217;on a pu appr\u00e9cier lors du 3\u00e8me Printemps Musical. Et&nbsp;enfin on reverra\n                      avec plaisir la soprano alpicoise Marie Golhen qui avait \u00e9t\u00e9 tant appr\u00e9ci\u00e9e lors de la derni\u00e8re \u00e9dition du Printemps Musical. On sait que Marie dirige les enfants et les ados de O Musica qui nous r\u00e9servent une petite surprise le\n                      13 Mai&#8230;<\/p>\n                    <p>La mise en sc\u00e8ne de King Arthur est sign\u00e9e par Ga\u00eblle Mace et Jacques Lebourgeois, les costumes sont con\u00e7us et r\u00e9alis\u00e9s par une choriste de O Musica, B\u00e9atrice Drouville.<\/p>\n                  <\/div>\n                <\/div>\n              <\/div>\n            <\/div>\n          <\/div>\n        <\/div>\n      <\/div>\n    <\/div>\n  <\/div>\n<\/div>","protected":false},"excerpt":{"rendered":"<p>Dans la presse On parle de nous. D\u00e9couvrez quelques articles ci-dessous :&nbsp; Sur le concert Didon et En\u00e9e au Quai 3 au Pecq le samedi 26 mai 2018 Articles parus dans&nbsp;Le Pecq en Sc\u00e8ne &nbsp;&#8211; 05 et 06\/2018 Annonce pour le concert caritatif au profit de la fondation ARSEP \u00e0 l&#8217;\u00e9glise Sainte-Pauline au V\u00e9sinetArticle paru [&hellip;]<\/p>\n","protected":false},"author":3,"featured_media":0,"parent":1158,"menu_order":0,"comment_status":"closed","ping_status":"closed","template":"page-templates\/full-width-page.php","meta":{"_monsterinsights_skip_tracking":false,"_monsterinsights_sitenote_active":false,"_monsterinsights_sitenote_note":"","_monsterinsights_sitenote_category":0,"footnotes":""},"class_list":["post-1162","page","type-page","status-publish","hentry"],"aioseo_notices":[],"_links":{"self":[{"href":"https:\/\/omusica.fr\/index.php?rest_route=\/wp\/v2\/pages\/1162","targetHints":{"allow":["GET"]}}],"collection":[{"href":"https:\/\/omusica.fr\/index.php?rest_route=\/wp\/v2\/pages"}],"about":[{"href":"https:\/\/omusica.fr\/index.php?rest_route=\/wp\/v2\/types\/page"}],"author":[{"embeddable":true,"href":"https:\/\/omusica.fr\/index.php?rest_route=\/wp\/v2\/users\/3"}],"replies":[{"embeddable":true,"href":"https:\/\/omusica.fr\/index.php?rest_route=%2Fwp%2Fv2%2Fcomments&post=1162"}],"version-history":[{"count":17,"href":"https:\/\/omusica.fr\/index.php?rest_route=\/wp\/v2\/pages\/1162\/revisions"}],"predecessor-version":[{"id":5642,"href":"https:\/\/omusica.fr\/index.php?rest_route=\/wp\/v2\/pages\/1162\/revisions\/5642"}],"up":[{"embeddable":true,"href":"https:\/\/omusica.fr\/index.php?rest_route=\/wp\/v2\/pages\/1158"}],"wp:attachment":[{"href":"https:\/\/omusica.fr\/index.php?rest_route=%2Fwp%2Fv2%2Fmedia&parent=1162"}],"curies":[{"name":"wp","href":"https:\/\/api.w.org\/{rel}","templated":true}]}}